{"id":5088,"date":"2021-11-04T14:12:02","date_gmt":"2021-11-04T19:12:02","guid":{"rendered":"https:\/\/congresos.feyalegria.org\/?post_type=mec-events&#038;p=5088"},"modified":"2021-11-04T14:12:52","modified_gmt":"2021-11-04T19:12:52","slug":"travail-en-groupe-defis-et-les-nouvelles-frontieres-de-leducation-populaire-au-xxie-siecle","status":"publish","type":"mec-events","link":"https:\/\/congreso2021.feyalegria.org\/fr\/congreso\/travail-en-groupe-defis-et-les-nouvelles-frontieres-de-leducation-populaire-au-xxie-siecle\/","title":{"rendered":"Travail en groupe &#8211; D\u00e9fis et les nouvelles fronti\u00e8res de l&rsquo;\u00e9ducation populaire au XXIe si\u00e8cle."},"content":{"rendered":"<div class=\"wpb-content-wrapper\"><p>[vc_row][vc_column][vc_tta_tabs style=\u00a0\u00bbmodern\u00a0\u00bb shape=\u00a0\u00bbround\u00a0\u00bb alignment=\u00a0\u00bbcenter\u00a0\u00bb active_section=\u00a0\u00bb1&Prime;][vc_tta_section title=\u00a0\u00bbEspa\u00f1ol\u00a0\u00bb tab_id=\u00a0\u00bb1615856735504-2b0c7628-b84a\u00a0\u00bb]<div style=\"background-color:;height: 40px\" class=\"nicdark_section  \"><\/div>[vc_column_text]<\/p>\n<h5>Descargue los documentos necesarios para \u00e9sta actividad de los siguientes botones:<\/h5>\n<p>[\/vc_column_text]<a href=\"https:\/\/congresos.feyalegria.org\/wp-content\/uploads\/2021\/10\/Foro-2-ES.pdf\" target=\"_blank\" title=\"\"  data-id=\"mpc_button-7369f5b8ca24e07\" class=\"mpc-button mpc-init mpc-transition mpc-typography--preset_6 mpc-display--block \" ><div class=\"mpc-button__content mpc-effect-type--none mpc-effect-side--none\"><span class=\"mpc-button__title mpc-transition\">Documento N\u00b0 1<\/span><\/div><div class=\"mpc-button__background mpc-transition mpc-effect-type--fade mpc-effect-side--in\"><\/div><\/a>[\/vc_tta_section][vc_tta_section title=\u00a0\u00bbIngl\u00e9s \/ English\u00a0\u00bb tab_id=\u00a0\u00bb1634850492027-701c2725-9e1b\u00a0\u00bb]<div style=\"background-color:;height: 40px\" class=\"nicdark_section  \"><\/div>[vc_column_text]<\/p>\n<h5>Download the documents required for this activity from the buttons below:<\/h5>\n<p>[\/vc_column_text]<a href=\"https:\/\/congresos.feyalegria.org\/wp-content\/uploads\/2021\/10\/Forum-2-EN.pdf\" target=\"_blank\" title=\"\"  data-id=\"mpc_button-469f5b8ca24ed1\" class=\"mpc-button mpc-init mpc-transition mpc-typography--preset_6 mpc-display--block \" ><div class=\"mpc-button__content mpc-effect-type--none mpc-effect-side--none\"><span class=\"mpc-button__title mpc-transition\">Document 1<\/span><\/div><div class=\"mpc-button__background mpc-transition mpc-effect-type--fade mpc-effect-side--in\"><\/div><\/a>[\/vc_tta_section][vc_tta_section title=\u00a0\u00bbFranc\u00e9s \/ Fran\u00e7ais\u00a0\u00bb tab_id=\u00a0\u00bb1634850490141-06421d0f-807c\u00a0\u00bb]<div style=\"background-color:;height: 40px\" class=\"nicdark_section  \"><\/div>[vc_column_text]<\/p>\n<h5>T\u00e9l\u00e9chargez les documents requis pour cette activit\u00e9 \u00e0 partir des boutons ci-dessous :<\/h5>\n<p>[\/vc_column_text]<a href=\"https:\/\/congresos.feyalegria.org\/wp-content\/uploads\/2021\/10\/Foro-2-FR.pdf\" target=\"_blank\" title=\"\"  data-id=\"mpc_button-7569f5b8ca24f73\" class=\"mpc-button mpc-init mpc-transition mpc-typography--preset_6 mpc-display--block \" ><div class=\"mpc-button__content mpc-effect-type--none mpc-effect-side--none\"><span class=\"mpc-button__title mpc-transition\">Document 1<\/span><\/div><div class=\"mpc-button__background mpc-transition mpc-effect-type--fade mpc-effect-side--in\"><\/div><\/a>[\/vc_tta_section][vc_tta_section title=\u00a0\u00bbPortugu\u00e9s \/ Portugu\u00eas\u00a0\u00bb tab_id=\u00a0\u00bb1635086335349-2d5088d1-40be\u00a0\u00bb]<div style=\"background-color:;height: 40px\" class=\"nicdark_section  \"><\/div>[vc_column_text]<\/p>\n<h5>Baixe os documentos necess\u00e1rios para esta atividade a partir dos bot\u00f5es abaixo:<\/h5>\n<p>[\/vc_column_text]<a href=\"https:\/\/congresos.feyalegria.org\/wp-content\/uploads\/2021\/10\/Foco-2-BR.pdf\" target=\"_blank\" title=\"\"  data-id=\"mpc_button-8669f5b8ca25012\" class=\"mpc-button mpc-init mpc-transition mpc-typography--preset_6 mpc-display--block \" ><div class=\"mpc-button__content mpc-effect-type--none mpc-effect-side--none\"><span class=\"mpc-button__title mpc-transition\">Documento N\u00b0 1<\/span><\/div><div class=\"mpc-button__background mpc-transition mpc-effect-type--fade mpc-effect-side--in\"><\/div><\/a>[\/vc_tta_section][\/vc_tta_tabs][\/vc_column][\/vc_row]<\/p>\n<p>&nbsp;<br \/>\n&nbsp;<br \/>\nEspacio de reflexi\u00f3n y debate sobre las nuevas fronteras de Fe y Alegr\u00eda y el rol del educador\/a.<\/p>\n<h4>Accompagnants<\/h4>\n<p>[vc_row][vc_column width=\u00a0\u00bb1\/3&Prime;][vc_column_text]<\/p>\n<h5><img loading=\"lazy\" decoding=\"async\" class=\"wp-image-4271 aligncenter\" src=\"https:\/\/congresos.feyalegria.org\/wp-content\/uploads\/2021\/10\/12-copia-300x300.png\" alt=\"\" width=\"130\" height=\"130\" srcset=\"https:\/\/congreso2021.feyalegria.org\/wp-content\/uploads\/2021\/10\/12-copia-300x300.png 300w, https:\/\/congreso2021.feyalegria.org\/wp-content\/uploads\/2021\/10\/12-copia-150x150.png 150w, https:\/\/congreso2021.feyalegria.org\/wp-content\/uploads\/2021\/10\/12-copia.png 450w\" sizes=\"auto, (max-width: 130px) 100vw, 130px\" \/><\/h5>\n<h5 style=\"text-align: center;\"><span style=\"color: #000000;\">Gehiomara Cede\u00f1o<\/span><\/h5>\n<p>&nbsp;<\/p>\n<p>[\/vc_column_text][\/vc_column][vc_column width=\u00a0\u00bb1\/3&Prime;][vc_column_text]<\/p>\n<h5><img loading=\"lazy\" decoding=\"async\" class=\"wp-image-4489 aligncenter\" src=\"https:\/\/congresos.feyalegria.org\/wp-content\/uploads\/2021\/10\/11-300x300.png\" alt=\"\" width=\"130\" height=\"130\" srcset=\"https:\/\/congreso2021.feyalegria.org\/wp-content\/uploads\/2021\/10\/11-300x300.png 300w, https:\/\/congreso2021.feyalegria.org\/wp-content\/uploads\/2021\/10\/11-150x150.png 150w, https:\/\/congreso2021.feyalegria.org\/wp-content\/uploads\/2021\/10\/11.png 450w\" sizes=\"auto, (max-width: 130px) 100vw, 130px\" \/><\/h5>\n<h5 style=\"text-align: center;\"><span style=\"color: #000000;\">P. Maximiliano Koch, s.j.<\/span><\/h5>\n<p style=\"text-align: center;\">&nbsp;<\/p>\n<p>[\/vc_column_text][\/vc_column][vc_column width=\u00a0\u00bb1\/3&Prime;][vc_column_text]<\/p>\n<h5><img loading=\"lazy\" decoding=\"async\" class=\"aligncenter wp-image-4484 \" src=\"https:\/\/congresos.feyalegria.org\/wp-content\/uploads\/2021\/10\/2-150x150.png\" alt=\"\" width=\"130\" height=\"130\" srcset=\"https:\/\/congreso2021.feyalegria.org\/wp-content\/uploads\/2021\/10\/2-150x150.png 150w, https:\/\/congreso2021.feyalegria.org\/wp-content\/uploads\/2021\/10\/2-300x300.png 300w, https:\/\/congreso2021.feyalegria.org\/wp-content\/uploads\/2021\/10\/2.png 450w\" sizes=\"auto, (max-width: 130px) 100vw, 130px\" \/><\/h5>\n<h5 style=\"text-align: center;\"><span style=\"color: #000000;\">Jaime Benjumea<\/span><\/h5>\n<p style=\"text-align: center;\">&nbsp;<\/p>\n<p>[\/vc_column_text][\/vc_column][\/vc_row]<\/p>\n<h4>Mod\u00e9rateurs<\/h4>\n<p>[vc_row][vc_column width=\u00a0\u00bb1\/2&Prime; alignment=\u00a0\u00bbcenter\u00a0\u00bb][vc_column_text]<\/p>\n<h5><img loading=\"lazy\" decoding=\"async\" class=\"aligncenter wp-image-4279 \" src=\"https:\/\/congresos.feyalegria.org\/wp-content\/uploads\/2021\/10\/16-copia-150x150.png\" alt=\"\" width=\"130\" height=\"130\" srcset=\"https:\/\/congreso2021.feyalegria.org\/wp-content\/uploads\/2021\/10\/16-copia-150x150.png 150w, https:\/\/congreso2021.feyalegria.org\/wp-content\/uploads\/2021\/10\/16-copia-300x300.png 300w, https:\/\/congreso2021.feyalegria.org\/wp-content\/uploads\/2021\/10\/16-copia.png 450w\" sizes=\"auto, (max-width: 130px) 100vw, 130px\" \/><\/h5>\n<h5 style=\"text-align: center;\"><span style=\"color: #000000;\">Sabrina Burgos<\/span><\/h5>\n<p style=\"text-align: center;\">&nbsp;<\/p>\n<p>[\/vc_column_text][\/vc_column][vc_column width=\u00a0\u00bb1\/2&Prime;][vc_column_text]<\/p>\n<h5><img loading=\"lazy\" decoding=\"async\" class=\"aligncenter wp-image-4484\" style=\"border-radius: 80px;\" src=\"https:\/\/congresos.feyalegria.org\/wp-content\/uploads\/2021\/04\/Equipo-Promotor-Congreso-2021-16-150x150.png\" alt=\"\" width=\"130\" height=\"130\"><\/h5>\n<h5 style=\"text-align: center;\"><span style=\"color: #000000;\">Marcela<\/span><\/h5>\n<p style=\"text-align: center;\">&nbsp;<\/p>\n<p>[\/vc_column_text][\/vc_column][\/vc_row]<\/p>\n<\/div>","protected":false},"excerpt":{"rendered":"<p>[vc_row][vc_column][vc_tta_tabs style=\u00a0\u00bbmodern\u00a0\u00bb shape=\u00a0\u00bbround\u00a0\u00bb alignment=\u00a0\u00bbcenter\u00a0\u00bb active_section=\u00a0\u00bb1&Prime;][vc_tta_section title=\u00a0\u00bbEspa\u00f1ol\u00a0\u00bb tab_id=\u00a0\u00bb1615856735504-2b0c7628-b84a\u00a0\u00bb][vc_column_text] Descargue los documentos necesarios para \u00e9sta actividad de los siguientes botones: [\/vc_column_text][\/vc_tta_section][vc_tta_section title=\u00a0\u00bbIngl\u00e9s \/ English\u00a0\u00bb tab_id=\u00a0\u00bb1634850492027-701c2725-9e1b\u00a0\u00bb][vc_column_text] Download the documents required for this activity from the buttons below: [\/vc_column_text][\/vc_tta_section][vc_tta_section title=\u00a0\u00bbFranc\u00e9s \/ Fran\u00e7ais\u00a0\u00bb tab_id=\u00a0\u00bb1634850490141-06421d0f-807c\u00a0\u00bb][vc_column_text] T\u00e9l\u00e9chargez les documents requis pour cette activit\u00e9 \u00e0 partir des boutons ci-dessous : [\/vc_column_text][\/vc_tta_section][vc_tta_section title=\u00a0\u00bbPortugu\u00e9s \/<\/p>\n","protected":false},"author":1,"featured_media":4388,"comment_status":"closed","ping_status":"closed","template":"","tags":[],"mec_category":[],"class_list":["post-5088","mec-events","type-mec-events","status-publish","has-post-thumbnail","hentry"],"yoast_head":"<!-- This site is optimized with the Yoast SEO plugin v24.5 - https:\/\/yoast.com\/wordpress\/plugins\/seo\/ -->\n<title>Travail en groupe - D\u00e9fis et les nouvelles fronti\u00e8res de l&#039;\u00e9ducation populaire au XXIe si\u00e8cle. - XLVIII Congreso de la Federaci\u00f3n Internacional de Fe y Alegr\u00eda<\/title>\n<meta name=\"robots\" content=\"index, follow, max-snippet:-1, max-image-preview:large, max-video-preview:-1\" \/>\n<link rel=\"canonical\" href=\"https:\/\/congreso2021.feyalegria.org\/fr\/congreso\/travail-en-groupe-defis-et-les-nouvelles-frontieres-de-leducation-populaire-au-xxie-siecle\/\" \/>\n<meta property=\"og:locale\" content=\"fr_FR\" \/>\n<meta property=\"og:type\" content=\"article\" \/>\n<meta property=\"og:title\" content=\"Travail en groupe - D\u00e9fis et les nouvelles fronti\u00e8res de l&#039;\u00e9ducation populaire au XXIe si\u00e8cle. - XLVIII Congreso de la Federaci\u00f3n Internacional de Fe y Alegr\u00eda\" \/>\n<meta property=\"og:description\" content=\"[vc_row][vc_column][vc_tta_tabs style=\u00a0\u00bbmodern\u00a0\u00bb shape=\u00a0\u00bbround\u00a0\u00bb alignment=\u00a0\u00bbcenter\u00a0\u00bb active_section=\u00a0\u00bb1&Prime;][vc_tta_section title=\u00a0\u00bbEspa\u00f1ol\u00a0\u00bb tab_id=\u00a0\u00bb1615856735504-2b0c7628-b84a\u00a0\u00bb][vc_column_text] Descargue los documentos necesarios para \u00e9sta actividad de los siguientes botones: [\/vc_column_text][\/vc_tta_section][vc_tta_section title=\u00a0\u00bbIngl\u00e9s \/ English\u00a0\u00bb tab_id=\u00a0\u00bb1634850492027-701c2725-9e1b\u00a0\u00bb][vc_column_text] Download the documents required for this activity from the buttons below: [\/vc_column_text][\/vc_tta_section][vc_tta_section title=\u00a0\u00bbFranc\u00e9s \/ Fran\u00e7ais\u00a0\u00bb tab_id=\u00a0\u00bb1634850490141-06421d0f-807c\u00a0\u00bb][vc_column_text] T\u00e9l\u00e9chargez les documents requis pour cette activit\u00e9 \u00e0 partir des boutons ci-dessous : [\/vc_column_text][\/vc_tta_section][vc_tta_section title=\u00a0\u00bbPortugu\u00e9s \/\" \/>\n<meta property=\"og:url\" content=\"https:\/\/congreso2021.feyalegria.org\/fr\/congreso\/travail-en-groupe-defis-et-les-nouvelles-frontieres-de-leducation-populaire-au-xxie-siecle\/\" \/>\n<meta property=\"og:site_name\" content=\"XLVIII Congreso de la Federaci\u00f3n Internacional de Fe y Alegr\u00eda\" \/>\n<meta property=\"article:modified_time\" content=\"2021-11-04T19:12:52+00:00\" \/>\n<meta property=\"og:image\" content=\"https:\/\/congreso2021.feyalegria.org\/wp-content\/uploads\/2021\/10\/Recurso_viernes.jpg\" \/>\n\t<meta property=\"og:image:width\" content=\"1281\" \/>\n\t<meta property=\"og:image:height\" content=\"481\" \/>\n\t<meta property=\"og:image:type\" content=\"image\/jpeg\" \/>\n<meta name=\"twitter:card\" content=\"summary_large_image\" \/>\n<meta name=\"twitter:label1\" content=\"Dur\u00e9e de lecture estim\u00e9e\" \/>\n\t<meta name=\"twitter:data1\" content=\"1 minute\" \/>\n<script type=\"application\/ld+json\" class=\"yoast-schema-graph\">{\"@context\":\"https:\/\/schema.org\",\"@graph\":[{\"@type\":\"WebPage\",\"@id\":\"https:\/\/congreso2021.feyalegria.org\/fr\/congreso\/travail-en-groupe-defis-et-les-nouvelles-frontieres-de-leducation-populaire-au-xxie-siecle\/\",\"url\":\"https:\/\/congreso2021.feyalegria.org\/fr\/congreso\/travail-en-groupe-defis-et-les-nouvelles-frontieres-de-leducation-populaire-au-xxie-siecle\/\",\"name\":\"Travail en groupe - D\u00e9fis et les nouvelles fronti\u00e8res de l'\u00e9ducation populaire au XXIe si\u00e8cle. - XLVIII Congreso de la Federaci\u00f3n Internacional de Fe y Alegr\u00eda\",\"isPartOf\":{\"@id\":\"https:\/\/congreso2021.feyalegria.org\/fr\/#website\"},\"primaryImageOfPage\":{\"@id\":\"https:\/\/congreso2021.feyalegria.org\/fr\/congreso\/travail-en-groupe-defis-et-les-nouvelles-frontieres-de-leducation-populaire-au-xxie-siecle\/#primaryimage\"},\"image\":{\"@id\":\"https:\/\/congreso2021.feyalegria.org\/fr\/congreso\/travail-en-groupe-defis-et-les-nouvelles-frontieres-de-leducation-populaire-au-xxie-siecle\/#primaryimage\"},\"thumbnailUrl\":\"https:\/\/congreso2021.feyalegria.org\/wp-content\/uploads\/2021\/10\/Recurso_viernes.jpg\",\"datePublished\":\"2021-11-04T19:12:02+00:00\",\"dateModified\":\"2021-11-04T19:12:52+00:00\",\"breadcrumb\":{\"@id\":\"https:\/\/congreso2021.feyalegria.org\/fr\/congreso\/travail-en-groupe-defis-et-les-nouvelles-frontieres-de-leducation-populaire-au-xxie-siecle\/#breadcrumb\"},\"inLanguage\":\"fr-FR\",\"potentialAction\":[{\"@type\":\"ReadAction\",\"target\":[\"https:\/\/congreso2021.feyalegria.org\/fr\/congreso\/travail-en-groupe-defis-et-les-nouvelles-frontieres-de-leducation-populaire-au-xxie-siecle\/\"]}]},{\"@type\":\"ImageObject\",\"inLanguage\":\"fr-FR\",\"@id\":\"https:\/\/congreso2021.feyalegria.org\/fr\/congreso\/travail-en-groupe-defis-et-les-nouvelles-frontieres-de-leducation-populaire-au-xxie-siecle\/#primaryimage\",\"url\":\"https:\/\/congreso2021.feyalegria.org\/wp-content\/uploads\/2021\/10\/Recurso_viernes.jpg\",\"contentUrl\":\"https:\/\/congreso2021.feyalegria.org\/wp-content\/uploads\/2021\/10\/Recurso_viernes.jpg\",\"width\":1281,\"height\":481},{\"@type\":\"BreadcrumbList\",\"@id\":\"https:\/\/congreso2021.feyalegria.org\/fr\/congreso\/travail-en-groupe-defis-et-les-nouvelles-frontieres-de-leducation-populaire-au-xxie-siecle\/#breadcrumb\",\"itemListElement\":[{\"@type\":\"ListItem\",\"position\":1,\"name\":\"Home\",\"item\":\"https:\/\/congreso2021.feyalegria.org\/fr\/\"},{\"@type\":\"ListItem\",\"position\":2,\"name\":\"Events\",\"item\":\"https:\/\/congreso2021.feyalegria.org\/fr\/congreso\/\"},{\"@type\":\"ListItem\",\"position\":3,\"name\":\"Travail en groupe &#8211; D\u00e9fis et les nouvelles fronti\u00e8res de l&rsquo;\u00e9ducation populaire au XXIe si\u00e8cle.\"}]},{\"@type\":\"WebSite\",\"@id\":\"https:\/\/congreso2021.feyalegria.org\/fr\/#website\",\"url\":\"https:\/\/congreso2021.feyalegria.org\/fr\/\",\"name\":\"XLVIII Congreso de la Federaci\u00f3n Internacional de Fe y Alegr\u00eda\",\"description\":\"#SomosFeyAlegria, movimiento global. Educamos en las fronteras. 28 de septiembre - 1 de octubre.\",\"publisher\":{\"@id\":\"https:\/\/congreso2021.feyalegria.org\/fr\/#organization\"},\"potentialAction\":[{\"@type\":\"SearchAction\",\"target\":{\"@type\":\"EntryPoint\",\"urlTemplate\":\"https:\/\/congreso2021.feyalegria.org\/fr\/?s={search_term_string}\"},\"query-input\":{\"@type\":\"PropertyValueSpecification\",\"valueRequired\":true,\"valueName\":\"search_term_string\"}}],\"inLanguage\":\"fr-FR\"},{\"@type\":\"Organization\",\"@id\":\"https:\/\/congreso2021.feyalegria.org\/fr\/#organization\",\"name\":\"XLVIII Congreso de la Federaci\u00f3n Internacional de Fe y Alegr\u00eda\",\"url\":\"https:\/\/congreso2021.feyalegria.org\/fr\/\",\"logo\":{\"@type\":\"ImageObject\",\"inLanguage\":\"fr-FR\",\"@id\":\"https:\/\/congreso2021.feyalegria.org\/fr\/#\/schema\/logo\/image\/\",\"url\":\"https:\/\/congresos.feyalegria.org\/wp-content\/uploads\/2021\/10\/Lapiz-1.jpg\",\"contentUrl\":\"https:\/\/congresos.feyalegria.org\/wp-content\/uploads\/2021\/10\/Lapiz-1.jpg\",\"width\":1200,\"height\":630,\"caption\":\"XLVIII Congreso de la Federaci\u00f3n Internacional de Fe y Alegr\u00eda\"},\"image\":{\"@id\":\"https:\/\/congreso2021.feyalegria.org\/fr\/#\/schema\/logo\/image\/\"}}]}<\/script>\n<!-- \/ Yoast SEO plugin. -->","yoast_head_json":{"title":"Travail en groupe - D\u00e9fis et les nouvelles fronti\u00e8res de l'\u00e9ducation populaire au XXIe si\u00e8cle. - XLVIII Congreso de la Federaci\u00f3n Internacional de Fe y Alegr\u00eda","robots":{"index":"index","follow":"follow","max-snippet":"max-snippet:-1","max-image-preview":"max-image-preview:large","max-video-preview":"max-video-preview:-1"},"canonical":"https:\/\/congreso2021.feyalegria.org\/fr\/congreso\/travail-en-groupe-defis-et-les-nouvelles-frontieres-de-leducation-populaire-au-xxie-siecle\/","og_locale":"fr_FR","og_type":"article","og_title":"Travail en groupe - D\u00e9fis et les nouvelles fronti\u00e8res de l'\u00e9ducation populaire au XXIe si\u00e8cle. - XLVIII Congreso de la Federaci\u00f3n Internacional de Fe y Alegr\u00eda","og_description":"[vc_row][vc_column][vc_tta_tabs style=\u00a0\u00bbmodern\u00a0\u00bb shape=\u00a0\u00bbround\u00a0\u00bb alignment=\u00a0\u00bbcenter\u00a0\u00bb active_section=\u00a0\u00bb1&Prime;][vc_tta_section title=\u00a0\u00bbEspa\u00f1ol\u00a0\u00bb tab_id=\u00a0\u00bb1615856735504-2b0c7628-b84a\u00a0\u00bb][vc_column_text] Descargue los documentos necesarios para \u00e9sta actividad de los siguientes botones: [\/vc_column_text][\/vc_tta_section][vc_tta_section title=\u00a0\u00bbIngl\u00e9s \/ English\u00a0\u00bb tab_id=\u00a0\u00bb1634850492027-701c2725-9e1b\u00a0\u00bb][vc_column_text] Download the documents required for this activity from the buttons below: [\/vc_column_text][\/vc_tta_section][vc_tta_section title=\u00a0\u00bbFranc\u00e9s \/ Fran\u00e7ais\u00a0\u00bb tab_id=\u00a0\u00bb1634850490141-06421d0f-807c\u00a0\u00bb][vc_column_text] T\u00e9l\u00e9chargez les documents requis pour cette activit\u00e9 \u00e0 partir des boutons ci-dessous : [\/vc_column_text][\/vc_tta_section][vc_tta_section title=\u00a0\u00bbPortugu\u00e9s \/","og_url":"https:\/\/congreso2021.feyalegria.org\/fr\/congreso\/travail-en-groupe-defis-et-les-nouvelles-frontieres-de-leducation-populaire-au-xxie-siecle\/","og_site_name":"XLVIII Congreso de la Federaci\u00f3n Internacional de Fe y Alegr\u00eda","article_modified_time":"2021-11-04T19:12:52+00:00","og_image":[{"width":1281,"height":481,"url":"https:\/\/congreso2021.feyalegria.org\/wp-content\/uploads\/2021\/10\/Recurso_viernes.jpg","type":"image\/jpeg"}],"twitter_card":"summary_large_image","twitter_misc":{"Dur\u00e9e de lecture estim\u00e9e":"1 minute"},"schema":{"@context":"https:\/\/schema.org","@graph":[{"@type":"WebPage","@id":"https:\/\/congreso2021.feyalegria.org\/fr\/congreso\/travail-en-groupe-defis-et-les-nouvelles-frontieres-de-leducation-populaire-au-xxie-siecle\/","url":"https:\/\/congreso2021.feyalegria.org\/fr\/congreso\/travail-en-groupe-defis-et-les-nouvelles-frontieres-de-leducation-populaire-au-xxie-siecle\/","name":"Travail en groupe - D\u00e9fis et les nouvelles fronti\u00e8res de l'\u00e9ducation populaire au XXIe si\u00e8cle. - XLVIII Congreso de la Federaci\u00f3n Internacional de Fe y Alegr\u00eda","isPartOf":{"@id":"https:\/\/congreso2021.feyalegria.org\/fr\/#website"},"primaryImageOfPage":{"@id":"https:\/\/congreso2021.feyalegria.org\/fr\/congreso\/travail-en-groupe-defis-et-les-nouvelles-frontieres-de-leducation-populaire-au-xxie-siecle\/#primaryimage"},"image":{"@id":"https:\/\/congreso2021.feyalegria.org\/fr\/congreso\/travail-en-groupe-defis-et-les-nouvelles-frontieres-de-leducation-populaire-au-xxie-siecle\/#primaryimage"},"thumbnailUrl":"https:\/\/congreso2021.feyalegria.org\/wp-content\/uploads\/2021\/10\/Recurso_viernes.jpg","datePublished":"2021-11-04T19:12:02+00:00","dateModified":"2021-11-04T19:12:52+00:00","breadcrumb":{"@id":"https:\/\/congreso2021.feyalegria.org\/fr\/congreso\/travail-en-groupe-defis-et-les-nouvelles-frontieres-de-leducation-populaire-au-xxie-siecle\/#breadcrumb"},"inLanguage":"fr-FR","potentialAction":[{"@type":"ReadAction","target":["https:\/\/congreso2021.feyalegria.org\/fr\/congreso\/travail-en-groupe-defis-et-les-nouvelles-frontieres-de-leducation-populaire-au-xxie-siecle\/"]}]},{"@type":"ImageObject","inLanguage":"fr-FR","@id":"https:\/\/congreso2021.feyalegria.org\/fr\/congreso\/travail-en-groupe-defis-et-les-nouvelles-frontieres-de-leducation-populaire-au-xxie-siecle\/#primaryimage","url":"https:\/\/congreso2021.feyalegria.org\/wp-content\/uploads\/2021\/10\/Recurso_viernes.jpg","contentUrl":"https:\/\/congreso2021.feyalegria.org\/wp-content\/uploads\/2021\/10\/Recurso_viernes.jpg","width":1281,"height":481},{"@type":"BreadcrumbList","@id":"https:\/\/congreso2021.feyalegria.org\/fr\/congreso\/travail-en-groupe-defis-et-les-nouvelles-frontieres-de-leducation-populaire-au-xxie-siecle\/#breadcrumb","itemListElement":[{"@type":"ListItem","position":1,"name":"Home","item":"https:\/\/congreso2021.feyalegria.org\/fr\/"},{"@type":"ListItem","position":2,"name":"Events","item":"https:\/\/congreso2021.feyalegria.org\/fr\/congreso\/"},{"@type":"ListItem","position":3,"name":"Travail en groupe &#8211; D\u00e9fis et les nouvelles fronti\u00e8res de l&rsquo;\u00e9ducation populaire au XXIe si\u00e8cle."}]},{"@type":"WebSite","@id":"https:\/\/congreso2021.feyalegria.org\/fr\/#website","url":"https:\/\/congreso2021.feyalegria.org\/fr\/","name":"XLVIII Congreso de la Federaci\u00f3n Internacional de Fe y Alegr\u00eda","description":"#SomosFeyAlegria, movimiento global. Educamos en las fronteras. 28 de septiembre - 1 de octubre.","publisher":{"@id":"https:\/\/congreso2021.feyalegria.org\/fr\/#organization"},"potentialAction":[{"@type":"SearchAction","target":{"@type":"EntryPoint","urlTemplate":"https:\/\/congreso2021.feyalegria.org\/fr\/?s={search_term_string}"},"query-input":{"@type":"PropertyValueSpecification","valueRequired":true,"valueName":"search_term_string"}}],"inLanguage":"fr-FR"},{"@type":"Organization","@id":"https:\/\/congreso2021.feyalegria.org\/fr\/#organization","name":"XLVIII Congreso de la Federaci\u00f3n Internacional de Fe y Alegr\u00eda","url":"https:\/\/congreso2021.feyalegria.org\/fr\/","logo":{"@type":"ImageObject","inLanguage":"fr-FR","@id":"https:\/\/congreso2021.feyalegria.org\/fr\/#\/schema\/logo\/image\/","url":"https:\/\/congresos.feyalegria.org\/wp-content\/uploads\/2021\/10\/Lapiz-1.jpg","contentUrl":"https:\/\/congresos.feyalegria.org\/wp-content\/uploads\/2021\/10\/Lapiz-1.jpg","width":1200,"height":630,"caption":"XLVIII Congreso de la Federaci\u00f3n Internacional de Fe y Alegr\u00eda"},"image":{"@id":"https:\/\/congreso2021.feyalegria.org\/fr\/#\/schema\/logo\/image\/"}}]}},"_links":{"self":[{"href":"https:\/\/congreso2021.feyalegria.org\/fr\/wp-json\/wp\/v2\/mec-events\/5088","targetHints":{"allow":["GET"]}}],"collection":[{"href":"https:\/\/congreso2021.feyalegria.org\/fr\/wp-json\/wp\/v2\/mec-events"}],"about":[{"href":"https:\/\/congreso2021.feyalegria.org\/fr\/wp-json\/wp\/v2\/types\/mec-events"}],"author":[{"embeddable":true,"href":"https:\/\/congreso2021.feyalegria.org\/fr\/wp-json\/wp\/v2\/users\/1"}],"replies":[{"embeddable":true,"href":"https:\/\/congreso2021.feyalegria.org\/fr\/wp-json\/wp\/v2\/comments?post=5088"}],"wp:featuredmedia":[{"embeddable":true,"href":"https:\/\/congreso2021.feyalegria.org\/fr\/wp-json\/wp\/v2\/media\/4388"}],"wp:attachment":[{"href":"https:\/\/congreso2021.feyalegria.org\/fr\/wp-json\/wp\/v2\/media?parent=5088"}],"wp:term":[{"taxonomy":"post_tag","embeddable":true,"href":"https:\/\/congreso2021.feyalegria.org\/fr\/wp-json\/wp\/v2\/tags?post=5088"},{"taxonomy":"mec_category","embeddable":true,"href":"https:\/\/congreso2021.feyalegria.org\/fr\/wp-json\/wp\/v2\/mec_category?post=5088"}],"curies":[{"name":"wp","href":"https:\/\/api.w.org\/{rel}","templated":true}]}}