{"id":5028,"date":"2021-10-28T13:06:06","date_gmt":"2021-10-28T18:06:06","guid":{"rendered":"https:\/\/congresos.feyalegria.org\/?page_id=5028"},"modified":"2021-10-28T14:33:43","modified_gmt":"2021-10-28T19:33:43","slug":"programmation","status":"publish","type":"page","link":"https:\/\/congreso2021.feyalegria.org\/fr\/programmation\/","title":{"rendered":"Programmation"},"content":{"rendered":"<div class=\"wpb-content-wrapper\"><p>[vc_row][vc_column]\n\t\t\t<!-- START Home Nuevo Congreso2021 REVOLUTION SLIDER 6.7.28 --><p class=\"rs-p-wp-fix\"><\/p>\n\t\t\t<rs-module-wrap id=\"rev_slider_30_1_wrapper\" data-source=\"gallery\" style=\"visibility:hidden;background:transparent;padding:0;margin:0px auto;margin-top:0;margin-bottom:0;\">\n\t\t\t\t<rs-module id=\"rev_slider_30_1\" style=\"\" data-version=\"6.7.28\">\n\t\t\t\t\t<rs-slides style=\"overflow: hidden; position: absolute;\">\n\t\t\t\t\t\t<rs-slide style=\"position: absolute;\" data-key=\"rs-65\" data-title=\"Slide\" data-anim=\"adpr:false;\" data-in=\"o:0;\" data-out=\"a:false;\">\n\t\t\t\t\t\t\t<img decoding=\"async\" src=\"\/\/congreso2021.feyalegria.org\/wp-content\/plugins\/revslider\/sr6\/assets\/assets\/dummy.png\" alt=\"\" title=\"Fondo Congreso\" width=\"1280\" height=\"300\" class=\"rev-slidebg tp-rs-img rs-lazyload\" data-lazyload=\"\/\/congresos.feyalegria.org\/wp-content\/uploads\/2021\/11\/Fondo-Congreso.jpg\" data-no-retina>\n<!--\n\t\t\t\t\t\t\t--><a\n\t\t\t\t\t\t\t\tid=\"slider-30-slide-65-layer-0\" \n\t\t\t\t\t\t\t\tclass=\"rs-layer rev-btn\"\n\t\t\t\t\t\t\t\thref=\"https:\/\/congresos.feyalegria.org\/documentos-y-recursos-de-interes\" target=\"_self\"\n\t\t\t\t\t\t\t\tdata-type=\"button\"\n\t\t\t\t\t\t\t\tdata-color=\"#ffffff\"\n\t\t\t\t\t\t\t\tdata-rsp_ch=\"on\"\n\t\t\t\t\t\t\t\tdata-xy=\"x:314px;y:192px;\"\n\t\t\t\t\t\t\t\tdata-text=\"w:normal;s:18;l:50;fw:500;\"\n\t\t\t\t\t\t\t\tdata-dim=\"minh:0px;\"\n\t\t\t\t\t\t\t\tdata-padding=\"r:40;l:40;\"\n\t\t\t\t\t\t\t\tdata-border=\"bor:3px,3px,3px,3px;\"\n\t\t\t\t\t\t\t\tdata-frame_999=\"o:0;st:w;\"\n\t\t\t\t\t\t\t\tdata-frame_hover=\"bgc:#899115;bor:3px,3px,3px,3px;sp:100;e:power1.inOut;bri:120%;\"\n\t\t\t\t\t\t\t\tstyle=\"z-index:11;background-color:#aa0f16;font-family:'Fira Sans';\"\n\t\t\t\t\t\t\t>Consultar \n\t\t\t\t\t\t\t<\/a><!--\n\n\t\t\t\t\t\t\t--><rs-layer\n\t\t\t\t\t\t\t\tid=\"slider-30-slide-65-layer-7\" \n\t\t\t\t\t\t\t\tdata-type=\"image\"\n\t\t\t\t\t\t\t\tdata-rsp_ch=\"on\"\n\t\t\t\t\t\t\t\tdata-xy=\"x:796px;y:-34px;\"\n\t\t\t\t\t\t\t\tdata-text=\"w:normal;\"\n\t\t\t\t\t\t\t\tdata-dim=\"w:700px;h:390px;\"\n\t\t\t\t\t\t\t\tdata-frame_999=\"o:0;st:w;\"\n\t\t\t\t\t\t\t\tstyle=\"z-index:12;\"\n\t\t\t\t\t\t\t><img decoding=\"async\" src=\"\/\/congreso2021.feyalegria.org\/wp-content\/plugins\/revslider\/sr6\/assets\/assets\/dummy.png\" alt=\"\" class=\"tp-rs-img rs-lazyload\" width=\"8125\" height=\"4527\" data-lazyload=\"\/\/congresos.feyalegria.org\/wp-content\/uploads\/2021\/11\/IMAGOTIPO-FINAL-CONGRESO-ESP-CURVAS_Mesa-de-trabajo-1-copia.png\" data-no-retina> \n\t\t\t\t\t\t\t<\/rs-layer><!--\n\n\t\t\t\t\t\t\t--><rs-layer\n\t\t\t\t\t\t\t\tid=\"slider-30-slide-65-layer-16\" \n\t\t\t\t\t\t\t\tdata-type=\"text\"\n\t\t\t\t\t\t\t\tdata-color=\"#aa0f16\"\n\t\t\t\t\t\t\t\tdata-tsh=\"c:rgba(255,255,255,0.5);h:3px;v:3px;b:3px;\"\n\t\t\t\t\t\t\t\tdata-rsp_ch=\"on\"\n\t\t\t\t\t\t\t\tdata-xy=\"x:178px;y:84px;\"\n\t\t\t\t\t\t\t\tdata-text=\"w:normal;s:39;l:48;fw:700;a:center;\"\n\t\t\t\t\t\t\t\tdata-dim=\"w:437;\"\n\t\t\t\t\t\t\t\tdata-frame_999=\"o:0;st:w;\"\n\t\t\t\t\t\t\t\tstyle=\"z-index:10;font-family:'Fira Sans';\"\n\t\t\t\t\t\t\t>Documentos y recursos de inter\u00e9s \n\t\t\t\t\t\t\t<\/rs-layer><!--\n-->\t\t\t\t\t<\/rs-slide>\n\t\t\t\t\t<\/rs-slides>\n\t\t\t\t\t<rs-static-layers><!--\n\t\t\t\t\t--><\/rs-static-layers>\n\t\t\t\t<\/rs-module>\n\t\t\t\t<script>\n\t\t\t\t\tsetREVStartSize({c: 'rev_slider_30_1',rl:[1240,1024,778,480],el:[300],gw:[1450],gh:[300],type:'standard',justify:'',layout:'fullwidth',mh:\"0\"});if (window.RS_MODULES!==undefined && window.RS_MODULES.modules!==undefined && window.RS_MODULES.modules[\"revslider301\"]!==undefined) {window.RS_MODULES.modules[\"revslider301\"].once = false;window.revapi30 = undefined;if (window.RS_MODULES.checkMinimal!==undefined) window.RS_MODULES.checkMinimal()}\n\t\t\t\t<\/script>\n\t\t\t<\/rs-module-wrap>\n\t\t\t<!-- END REVOLUTION SLIDER -->\n[\/vc_column][\/vc_row][vc_row][vc_column][vc_empty_space height=\u00a0\u00bb64px\u00a0\u00bb][vc_column_text]<\/p>\n<h2 style=\"text-align: center;\">Programmation<\/h2>\n<p>[\/vc_column_text]<div class=\"mec-wrap mec-events-agenda-container  \" id=\"mec_skin_5016\">\r\n\r\n    \r\n        <div class=\"mec-skin-agenda-events-container\" id=\"mec_skin_events_5016\">\r\n        <div class=\"mec-wrap mec-events-agenda-wrap colorskin-custom\">\r\n            <div class=\"mec-events-agenda-container mec-event-agenda-clean\">\r\n                \r\n            <div class=\"mec-month-divider\" data-toggle-divider=\"mec-toggle-202110-5016\"><h5 style=\"display: inline;\">octobre 2021<\/h5><i class=\"mec-sl-arrow-down\"><\/i><\/div>\r\n        <div class=\"mec-events-agenda\">\r\n\r\n        <div class=\"mec-agenda-date-wrap\">\r\n            <i class=\"mec-sl-calendar\"><\/i>            <span class=\"mec-agenda-day\">mardi<\/span>\r\n            <span class=\"mec-agenda-date\">octobre 26<\/span>\r\n        <\/div>\r\n\r\n        <div class=\"mec-agenda-events-wrap\">\r\n                                <div class=\"mec-past-event mec-agenda-event \">\r\n                        <i class=\"mec-sl-clock\"><\/i>                        <span class=\"mec-agenda-time\">\r\n                            <span class=\"mec-start-time\">8:00 AM<\/span> - <span class=\"mec-end-time\">10:00 AM<\/span>                        <\/span>\r\n                        <span class=\"mec-agenda-event-title\">\r\n                            <a class=\"mec-color-hover\" data-event-id=\"5264\" href=\"https:\/\/congreso2021.feyalegria.org\/fr\/congreso\/ceremonie-douverture-du-xlviiie-congres-international-de-fe-y-alegria\/\" target=\"_self\" rel=\"noopener\">C\u00e9r\u00e9monie d\u2019ouverture du XLVIIIe Congr\u00e8s international de Fe y Alegr\u00eda : Les \u00e9ducateurs face aux nouvelles fronti\u00e8res de l\u2019\u00e9ducation populaire<\/a>                                                        <span class=\"event-color\" style=\"background: #899115\"><\/span>                                                                                                                                        <\/span>\r\n                                                                    <\/div>\r\n                                                <div class=\"mec-past-event mec-agenda-event \">\r\n                        <i class=\"mec-sl-clock\"><\/i>                        <span class=\"mec-agenda-time\">\r\n                            <span class=\"mec-start-time\">10:30 AM<\/span> - <span class=\"mec-end-time\">12:30 PM<\/span>                        <\/span>\r\n                        <span class=\"mec-agenda-event-title\">\r\n                            <a class=\"mec-color-hover\" data-event-id=\"5268\" href=\"https:\/\/congreso2021.feyalegria.org\/fr\/congreso\/resultats-de-levaluation-de-limpact-de-fe-y-alegria\/\" target=\"_self\" rel=\"noopener\">R\u00e9sultats de l\u2019\u00e9valuation de l\u2019impact de Fe y Alegr\u00eda<\/a>                                                        <span class=\"event-color\" style=\"background: #899115\"><\/span>                                                                                                                                        <\/span>\r\n                                                                    <\/div>\r\n                                    <\/div>\r\n        <div class=\"clearfix\"><\/div>\r\n    <\/div>\r\n\r\n        <div class=\"mec-events-agenda\">\r\n\r\n        <div class=\"mec-agenda-date-wrap\">\r\n            <i class=\"mec-sl-calendar\"><\/i>            <span class=\"mec-agenda-day\">mercredi<\/span>\r\n            <span class=\"mec-agenda-date\">octobre 27<\/span>\r\n        <\/div>\r\n\r\n        <div class=\"mec-agenda-events-wrap\">\r\n                                <div class=\"mec-past-event mec-agenda-event \">\r\n                        <i class=\"mec-sl-clock\"><\/i>                        <span class=\"mec-agenda-time\">\r\n                            <span class=\"mec-start-time\">Journ\u00e9e enti\u00e8re<\/span>                        <\/span>\r\n                        <span class=\"mec-agenda-event-title\">\r\n                            <a class=\"mec-color-hover\" data-event-id=\"4959\" href=\"https:\/\/congreso2021.feyalegria.org\/fr\/congreso\/initiatives-de-la-federation-internationale-de-fe-y-alegria\/\" target=\"_self\" rel=\"noopener\">Initiatives de la F\u00e9d\u00e9ration internationale de Fe y Alegr\u00eda<\/a>                                                        <span class=\"event-color\" style=\"background: #c4a958\"><\/span>                                                                                                                                        <\/span>\r\n                                                                    <\/div>\r\n                                                <div class=\"mec-past-event mec-agenda-event \">\r\n                        <i class=\"mec-sl-clock\"><\/i>                        <span class=\"mec-agenda-time\">\r\n                            <span class=\"mec-start-time\">8:00 AM<\/span> - <span class=\"mec-end-time\">10:00 AM<\/span>                        <\/span>\r\n                        <span class=\"mec-agenda-event-title\">\r\n                            <a class=\"mec-color-hover\" data-event-id=\"5244\" href=\"https:\/\/congreso2021.feyalegria.org\/fr\/congreso\/defis-et-nouvelles-frontieres-de-leducation-populaire-au-xxie-siecle\/\" target=\"_self\" rel=\"noopener\">D\u00e9fis et nouvelles fronti\u00e8res de l\u2019\u00e9ducation populaire au XXIe si\u00e8cle<\/a>                                                        <span class=\"event-color\" style=\"background: #899115\"><\/span>                                                                                                                                        <\/span>\r\n                                                                    <\/div>\r\n                                                <div class=\"mec-past-event mec-agenda-event \">\r\n                        <i class=\"mec-sl-clock\"><\/i>                        <span class=\"mec-agenda-time\">\r\n                            <span class=\"mec-start-time\">10:30 AM<\/span> - <span class=\"mec-end-time\">12:30 AM<\/span>                        <\/span>\r\n                        <span class=\"mec-agenda-event-title\">\r\n                            <a class=\"mec-color-hover\" data-event-id=\"5271\" href=\"https:\/\/congreso2021.feyalegria.org\/fr\/congreso\/travail-en-groupe-defis-et-les-nouvelles-frontieres\/\" target=\"_self\" rel=\"noopener\">Travail en groupe \u2013 D\u00e9fis et les nouvelles fronti\u00e8res<\/a>                                                        <span class=\"event-color\" style=\"background: #aa0f16\"><\/span>                                                                                                                                        <\/span>\r\n                                                                    <\/div>\r\n                                    <\/div>\r\n        <div class=\"clearfix\"><\/div>\r\n    <\/div>\r\n\r\n        <div class=\"mec-events-agenda\">\r\n\r\n        <div class=\"mec-agenda-date-wrap\">\r\n            <i class=\"mec-sl-calendar\"><\/i>            <span class=\"mec-agenda-day\">jeudi<\/span>\r\n            <span class=\"mec-agenda-date\">octobre 28<\/span>\r\n        <\/div>\r\n\r\n        <div class=\"mec-agenda-events-wrap\">\r\n                                <div class=\"mec-past-event mec-agenda-event \">\r\n                        <i class=\"mec-sl-clock\"><\/i>                        <span class=\"mec-agenda-time\">\r\n                            <span class=\"mec-start-time\">Journ\u00e9e enti\u00e8re<\/span>                        <\/span>\r\n                        <span class=\"mec-agenda-event-title\">\r\n                            <a class=\"mec-color-hover\" data-event-id=\"4959\" href=\"https:\/\/congreso2021.feyalegria.org\/fr\/congreso\/initiatives-de-la-federation-internationale-de-fe-y-alegria\/\" target=\"_self\" rel=\"noopener\">Initiatives de la F\u00e9d\u00e9ration internationale de Fe y Alegr\u00eda<\/a>                                                        <span class=\"event-color\" style=\"background: #c4a958\"><\/span>                                                                                                                                        <\/span>\r\n                                                                    <\/div>\r\n                                                <div class=\"mec-past-event mec-agenda-event \">\r\n                        <i class=\"mec-sl-clock\"><\/i>                        <span class=\"mec-agenda-time\">\r\n                            <span class=\"mec-start-time\">8:00 AM<\/span> - <span class=\"mec-end-time\">10:00 AM<\/span>                        <\/span>\r\n                        <span class=\"mec-agenda-event-title\">\r\n                            <a class=\"mec-color-hover\" data-event-id=\"5248\" href=\"https:\/\/congreso2021.feyalegria.org\/fr\/congreso\/les-nouvelles-frontieres-de-fe-y-alegria-et-le-role-de-leducateur\/\" target=\"_self\" rel=\"noopener\">Les nouvelles fronti\u00e8res de Fe y Alegr\u00eda et le r\u00f4le de l\u2019\u00e9ducateur<\/a>                                                        <span class=\"event-color\" style=\"background: #899115\"><\/span>                                                                                                                                        <\/span>\r\n                                                                    <\/div>\r\n                                                <div class=\"mec-past-event mec-agenda-event \">\r\n                        <i class=\"mec-sl-clock\"><\/i>                        <span class=\"mec-agenda-time\">\r\n                            <span class=\"mec-start-time\">10:30 AM<\/span> - <span class=\"mec-end-time\">12:30 AM<\/span>                        <\/span>\r\n                        <span class=\"mec-agenda-event-title\">\r\n                            <a class=\"mec-color-hover\" data-event-id=\"5088\" href=\"https:\/\/congreso2021.feyalegria.org\/fr\/congreso\/travail-en-groupe-defis-et-les-nouvelles-frontieres-de-leducation-populaire-au-xxie-siecle\/\" target=\"_self\" rel=\"noopener\">Travail en groupe &#8211; D\u00e9fis et les nouvelles fronti\u00e8res de l&rsquo;\u00e9ducation populaire au XXIe si\u00e8cle.<\/a>                                                        <span class=\"event-color\" style=\"background: #aa0f16\"><\/span>                                                                                                                                        <\/span>\r\n                                                                    <\/div>\r\n                                    <\/div>\r\n        <div class=\"clearfix\"><\/div>\r\n    <\/div>\r\n\r\n        <div class=\"mec-events-agenda\">\r\n\r\n        <div class=\"mec-agenda-date-wrap\">\r\n            <i class=\"mec-sl-calendar\"><\/i>            <span class=\"mec-agenda-day\">vendredi<\/span>\r\n            <span class=\"mec-agenda-date\">octobre 29<\/span>\r\n        <\/div>\r\n\r\n        <div class=\"mec-agenda-events-wrap\">\r\n                                <div class=\"mec-past-event mec-agenda-event \">\r\n                        <i class=\"mec-sl-clock\"><\/i>                        <span class=\"mec-agenda-time\">\r\n                            <span class=\"mec-start-time\">Journ\u00e9e enti\u00e8re<\/span>                        <\/span>\r\n                        <span class=\"mec-agenda-event-title\">\r\n                            <a class=\"mec-color-hover\" data-event-id=\"4959\" href=\"https:\/\/congreso2021.feyalegria.org\/fr\/congreso\/initiatives-de-la-federation-internationale-de-fe-y-alegria\/\" target=\"_self\" rel=\"noopener\">Initiatives de la F\u00e9d\u00e9ration internationale de Fe y Alegr\u00eda<\/a>                                                        <span class=\"event-color\" style=\"background: #c4a958\"><\/span>                                                                                                                                        <\/span>\r\n                                                                    <\/div>\r\n                                                <div class=\"mec-past-event mec-agenda-event \">\r\n                        <i class=\"mec-sl-clock\"><\/i>                        <span class=\"mec-agenda-time\">\r\n                            <span class=\"mec-start-time\">8:00 AM<\/span> - <span class=\"mec-end-time\">9:30 AM<\/span>                        <\/span>\r\n                        <span class=\"mec-agenda-event-title\">\r\n                            <a class=\"mec-color-hover\" data-event-id=\"5059\" href=\"https:\/\/congreso2021.feyalegria.org\/fr\/congreso\/defis-et-opportunites-presentes-par-le-travail-en-reseau\/\" target=\"_self\" rel=\"noopener\">D\u00e9fis et opportunit\u00e9s pr\u00e9sent\u00e9s par le travail en r\u00e9seau<\/a>                                                        <span class=\"event-color\" style=\"background: #899115\"><\/span>                                                                                                                                        <\/span>\r\n                                                                    <\/div>\r\n                                                <div class=\"mec-past-event mec-agenda-event \">\r\n                        <i class=\"mec-sl-clock\"><\/i>                        <span class=\"mec-agenda-time\">\r\n                            <span class=\"mec-start-time\">9:30 AM<\/span> - <span class=\"mec-end-time\">10:30 AM<\/span>                        <\/span>\r\n                        <span class=\"mec-agenda-event-title\">\r\n                            <a class=\"mec-color-hover\" data-event-id=\"5074\" href=\"https:\/\/congreso2021.feyalegria.org\/fr\/congreso\/cloture-du-xlviiie-congres-international-de-fe-y-alegria\/\" target=\"_self\" rel=\"noopener\">Cl\u00f4ture du XLVIIIe Congr\u00e8s international de Fe y Alegr\u00eda<\/a>                                                        <span class=\"event-color\" style=\"background: #899115\"><\/span>                                                                                                                                        <\/span>\r\n                                                                    <\/div>\r\n                                                <div class=\"mec-past-event mec-agenda-event \">\r\n                        <i class=\"mec-sl-clock\"><\/i>                        <span class=\"mec-agenda-time\">\r\n                            <span class=\"mec-start-time\">11:00 AM<\/span> - <span class=\"mec-end-time\">12:30 AM<\/span>                        <\/span>\r\n                        <span class=\"mec-agenda-event-title\">\r\n                            <a class=\"mec-color-hover\" data-event-id=\"5089\" href=\"https:\/\/congreso2021.feyalegria.org\/fr\/congreso\/travail-en-groupe-defis-et-les-opportunites-que-presente-le-travail-en-reseau\/\" target=\"_self\" rel=\"noopener\">Travail en groupe &#8211;  D\u00e9fis et les opportunit\u00e9s que pr\u00e9sente le travail en r\u00e9seau<\/a>                                                        <span class=\"event-color\" style=\"background: #aa0f16\"><\/span>                                                                                                                                        <\/span>\r\n                                                                    <\/div>\r\n                                    <\/div>\r\n        <div class=\"clearfix\"><\/div>\r\n    <\/div>\r\n            <\/div>\r\n        <\/div>\r\n    <\/div>\r\n    <div class=\"mec-skin-agenda-no-events-container mec-util-hidden\" id=\"mec_skin_no_events_5016\">\r\n        Aucun \u00e9v\u00e9nement trouv\u00e9 !    <\/div>\r\n    \r\n    \r\n<\/div>\r\n[vc_empty_space height=\u00a0\u00bb64px\u00a0\u00bb][\/vc_column][\/vc_row]<\/p>\n<\/div>","protected":false},"excerpt":{"rendered":"<p>[vc_row][vc_column][\/vc_column][\/vc_row][vc_row][vc_column][vc_empty_space height=\u00a0\u00bb64px\u00a0\u00bb][vc_column_text] Programmation [\/vc_column_text][vc_empty_space height=\u00a0\u00bb64px\u00a0\u00bb][\/vc_column][\/vc_row]<\/p>\n","protected":false},"author":1,"featured_media":0,"parent":0,"menu_order":0,"comment_status":"closed","ping_status":"closed","template":"","meta":{"footnotes":""},"class_list":["post-5028","page","type-page","status-publish","hentry"],"yoast_head":"<!-- This site is optimized with the Yoast SEO plugin v24.5 - https:\/\/yoast.com\/wordpress\/plugins\/seo\/ -->\n<title>Programmation - XLVIII Congreso de la Federaci\u00f3n Internacional de Fe y Alegr\u00eda<\/title>\n<meta name=\"robots\" content=\"index, follow, max-snippet:-1, max-image-preview:large, max-video-preview:-1\" \/>\n<link rel=\"canonical\" href=\"https:\/\/congreso2021.feyalegria.org\/fr\/programmation\/\" \/>\n<meta property=\"og:locale\" content=\"fr_FR\" \/>\n<meta property=\"og:type\" content=\"article\" \/>\n<meta property=\"og:title\" content=\"Programmation - XLVIII Congreso de la Federaci\u00f3n Internacional de Fe y Alegr\u00eda\" \/>\n<meta property=\"og:description\" content=\"[vc_row][vc_column][\/vc_column][\/vc_row][vc_row][vc_column][vc_empty_space height=\u00a0\u00bb64px\u00a0\u00bb][vc_column_text] Programmation [\/vc_column_text][vc_empty_space height=\u00a0\u00bb64px\u00a0\u00bb][\/vc_column][\/vc_row]\" \/>\n<meta property=\"og:url\" content=\"https:\/\/congreso2021.feyalegria.org\/fr\/programmation\/\" \/>\n<meta property=\"og:site_name\" content=\"XLVIII Congreso de la Federaci\u00f3n Internacional de Fe y Alegr\u00eda\" \/>\n<meta property=\"article:modified_time\" content=\"2021-10-28T19:33:43+00:00\" \/>\n<meta property=\"og:image\" content=\"https:\/\/congreso2021.feyalegria.org\/wp-content\/uploads\/2021\/10\/Lapiz-1.jpg\" \/>\n\t<meta property=\"og:image:width\" content=\"1200\" \/>\n\t<meta property=\"og:image:height\" content=\"630\" \/>\n\t<meta property=\"og:image:type\" content=\"image\/jpeg\" \/>\n<meta name=\"twitter:card\" content=\"summary_large_image\" \/>\n<meta name=\"twitter:label1\" content=\"Dur\u00e9e de lecture estim\u00e9e\" \/>\n\t<meta name=\"twitter:data1\" content=\"1 minute\" \/>\n<script type=\"application\/ld+json\" class=\"yoast-schema-graph\">{\"@context\":\"https:\/\/schema.org\",\"@graph\":[{\"@type\":\"WebPage\",\"@id\":\"https:\/\/congreso2021.feyalegria.org\/fr\/programmation\/\",\"url\":\"https:\/\/congreso2021.feyalegria.org\/fr\/programmation\/\",\"name\":\"Programmation - XLVIII Congreso de la Federaci\u00f3n Internacional de Fe y Alegr\u00eda\",\"isPartOf\":{\"@id\":\"https:\/\/congreso2021.feyalegria.org\/fr\/#website\"},\"datePublished\":\"2021-10-28T18:06:06+00:00\",\"dateModified\":\"2021-10-28T19:33:43+00:00\",\"breadcrumb\":{\"@id\":\"https:\/\/congreso2021.feyalegria.org\/fr\/programmation\/#breadcrumb\"},\"inLanguage\":\"fr-FR\",\"potentialAction\":[{\"@type\":\"ReadAction\",\"target\":[\"https:\/\/congreso2021.feyalegria.org\/fr\/programmation\/\"]}]},{\"@type\":\"BreadcrumbList\",\"@id\":\"https:\/\/congreso2021.feyalegria.org\/fr\/programmation\/#breadcrumb\",\"itemListElement\":[{\"@type\":\"ListItem\",\"position\":1,\"name\":\"Home\",\"item\":\"https:\/\/congreso2021.feyalegria.org\/fr\/\"},{\"@type\":\"ListItem\",\"position\":2,\"name\":\"Programmation\"}]},{\"@type\":\"WebSite\",\"@id\":\"https:\/\/congreso2021.feyalegria.org\/fr\/#website\",\"url\":\"https:\/\/congreso2021.feyalegria.org\/fr\/\",\"name\":\"XLVIII Congreso de la Federaci\u00f3n Internacional de Fe y Alegr\u00eda\",\"description\":\"#SomosFeyAlegria, movimiento global. Educamos en las fronteras. 28 de septiembre - 1 de octubre.\",\"publisher\":{\"@id\":\"https:\/\/congreso2021.feyalegria.org\/fr\/#organization\"},\"potentialAction\":[{\"@type\":\"SearchAction\",\"target\":{\"@type\":\"EntryPoint\",\"urlTemplate\":\"https:\/\/congreso2021.feyalegria.org\/fr\/?s={search_term_string}\"},\"query-input\":{\"@type\":\"PropertyValueSpecification\",\"valueRequired\":true,\"valueName\":\"search_term_string\"}}],\"inLanguage\":\"fr-FR\"},{\"@type\":\"Organization\",\"@id\":\"https:\/\/congreso2021.feyalegria.org\/fr\/#organization\",\"name\":\"XLVIII Congreso de la Federaci\u00f3n Internacional de Fe y Alegr\u00eda\",\"url\":\"https:\/\/congreso2021.feyalegria.org\/fr\/\",\"logo\":{\"@type\":\"ImageObject\",\"inLanguage\":\"fr-FR\",\"@id\":\"https:\/\/congreso2021.feyalegria.org\/fr\/#\/schema\/logo\/image\/\",\"url\":\"https:\/\/congresos.feyalegria.org\/wp-content\/uploads\/2021\/10\/Lapiz-1.jpg\",\"contentUrl\":\"https:\/\/congresos.feyalegria.org\/wp-content\/uploads\/2021\/10\/Lapiz-1.jpg\",\"width\":1200,\"height\":630,\"caption\":\"XLVIII Congreso de la Federaci\u00f3n Internacional de Fe y Alegr\u00eda\"},\"image\":{\"@id\":\"https:\/\/congreso2021.feyalegria.org\/fr\/#\/schema\/logo\/image\/\"}}]}<\/script>\n<!-- \/ Yoast SEO plugin. -->","yoast_head_json":{"title":"Programmation - XLVIII Congreso de la Federaci\u00f3n Internacional de Fe y Alegr\u00eda","robots":{"index":"index","follow":"follow","max-snippet":"max-snippet:-1","max-image-preview":"max-image-preview:large","max-video-preview":"max-video-preview:-1"},"canonical":"https:\/\/congreso2021.feyalegria.org\/fr\/programmation\/","og_locale":"fr_FR","og_type":"article","og_title":"Programmation - XLVIII Congreso de la Federaci\u00f3n Internacional de Fe y Alegr\u00eda","og_description":"[vc_row][vc_column][\/vc_column][\/vc_row][vc_row][vc_column][vc_empty_space height=\u00a0\u00bb64px\u00a0\u00bb][vc_column_text] Programmation [\/vc_column_text][vc_empty_space height=\u00a0\u00bb64px\u00a0\u00bb][\/vc_column][\/vc_row]","og_url":"https:\/\/congreso2021.feyalegria.org\/fr\/programmation\/","og_site_name":"XLVIII Congreso de la Federaci\u00f3n Internacional de Fe y Alegr\u00eda","article_modified_time":"2021-10-28T19:33:43+00:00","og_image":[{"width":1200,"height":630,"url":"https:\/\/congreso2021.feyalegria.org\/wp-content\/uploads\/2021\/10\/Lapiz-1.jpg","type":"image\/jpeg"}],"twitter_card":"summary_large_image","twitter_misc":{"Dur\u00e9e de lecture estim\u00e9e":"1 minute"},"schema":{"@context":"https:\/\/schema.org","@graph":[{"@type":"WebPage","@id":"https:\/\/congreso2021.feyalegria.org\/fr\/programmation\/","url":"https:\/\/congreso2021.feyalegria.org\/fr\/programmation\/","name":"Programmation - XLVIII Congreso de la Federaci\u00f3n Internacional de Fe y Alegr\u00eda","isPartOf":{"@id":"https:\/\/congreso2021.feyalegria.org\/fr\/#website"},"datePublished":"2021-10-28T18:06:06+00:00","dateModified":"2021-10-28T19:33:43+00:00","breadcrumb":{"@id":"https:\/\/congreso2021.feyalegria.org\/fr\/programmation\/#breadcrumb"},"inLanguage":"fr-FR","potentialAction":[{"@type":"ReadAction","target":["https:\/\/congreso2021.feyalegria.org\/fr\/programmation\/"]}]},{"@type":"BreadcrumbList","@id":"https:\/\/congreso2021.feyalegria.org\/fr\/programmation\/#breadcrumb","itemListElement":[{"@type":"ListItem","position":1,"name":"Home","item":"https:\/\/congreso2021.feyalegria.org\/fr\/"},{"@type":"ListItem","position":2,"name":"Programmation"}]},{"@type":"WebSite","@id":"https:\/\/congreso2021.feyalegria.org\/fr\/#website","url":"https:\/\/congreso2021.feyalegria.org\/fr\/","name":"XLVIII Congreso de la Federaci\u00f3n Internacional de Fe y Alegr\u00eda","description":"#SomosFeyAlegria, movimiento global. Educamos en las fronteras. 28 de septiembre - 1 de octubre.","publisher":{"@id":"https:\/\/congreso2021.feyalegria.org\/fr\/#organization"},"potentialAction":[{"@type":"SearchAction","target":{"@type":"EntryPoint","urlTemplate":"https:\/\/congreso2021.feyalegria.org\/fr\/?s={search_term_string}"},"query-input":{"@type":"PropertyValueSpecification","valueRequired":true,"valueName":"search_term_string"}}],"inLanguage":"fr-FR"},{"@type":"Organization","@id":"https:\/\/congreso2021.feyalegria.org\/fr\/#organization","name":"XLVIII Congreso de la Federaci\u00f3n Internacional de Fe y Alegr\u00eda","url":"https:\/\/congreso2021.feyalegria.org\/fr\/","logo":{"@type":"ImageObject","inLanguage":"fr-FR","@id":"https:\/\/congreso2021.feyalegria.org\/fr\/#\/schema\/logo\/image\/","url":"https:\/\/congresos.feyalegria.org\/wp-content\/uploads\/2021\/10\/Lapiz-1.jpg","contentUrl":"https:\/\/congresos.feyalegria.org\/wp-content\/uploads\/2021\/10\/Lapiz-1.jpg","width":1200,"height":630,"caption":"XLVIII Congreso de la Federaci\u00f3n Internacional de Fe y Alegr\u00eda"},"image":{"@id":"https:\/\/congreso2021.feyalegria.org\/fr\/#\/schema\/logo\/image\/"}}]}},"_links":{"self":[{"href":"https:\/\/congreso2021.feyalegria.org\/fr\/wp-json\/wp\/v2\/pages\/5028","targetHints":{"allow":["GET"]}}],"collection":[{"href":"https:\/\/congreso2021.feyalegria.org\/fr\/wp-json\/wp\/v2\/pages"}],"about":[{"href":"https:\/\/congreso2021.feyalegria.org\/fr\/wp-json\/wp\/v2\/types\/page"}],"author":[{"embeddable":true,"href":"https:\/\/congreso2021.feyalegria.org\/fr\/wp-json\/wp\/v2\/users\/1"}],"replies":[{"embeddable":true,"href":"https:\/\/congreso2021.feyalegria.org\/fr\/wp-json\/wp\/v2\/comments?post=5028"}],"version-history":[{"count":3,"href":"https:\/\/congreso2021.feyalegria.org\/fr\/wp-json\/wp\/v2\/pages\/5028\/revisions"}],"predecessor-version":[{"id":5040,"href":"https:\/\/congreso2021.feyalegria.org\/fr\/wp-json\/wp\/v2\/pages\/5028\/revisions\/5040"}],"wp:attachment":[{"href":"https:\/\/congreso2021.feyalegria.org\/fr\/wp-json\/wp\/v2\/media?parent=5028"}],"curies":[{"name":"wp","href":"https:\/\/api.w.org\/{rel}","templated":true}]}}