{"id":5350,"date":"2021-12-08T09:03:45","date_gmt":"2021-12-08T14:03:45","guid":{"rendered":"https:\/\/congresos.feyalegria.org\/?page_id=5350"},"modified":"2021-12-08T09:03:45","modified_gmt":"2021-12-08T14:03:45","slug":"covid-19","status":"publish","type":"page","link":"https:\/\/congreso2021.feyalegria.org\/fr\/covid-19\/","title":{"rendered":"COVID-19"},"content":{"rendered":"<div class=\"wpb-content-wrapper\"><p>[vc_row][vc_column]\n\t\t\t<!-- START Recursos REVOLUTION SLIDER 6.7.28 --><p class=\"rs-p-wp-fix\"><\/p>\n\t\t\t<rs-module-wrap id=\"rev_slider_21_1_wrapper\" data-source=\"gallery\" style=\"visibility:hidden;background:transparent;padding:0;margin:0px auto;margin-top:0;margin-bottom:0;\">\n\t\t\t\t<rs-module id=\"rev_slider_21_1\" style=\"\" data-version=\"6.7.28\">\n\t\t\t\t\t<rs-slides style=\"overflow: hidden; position: absolute;\">\n\t\t\t\t\t\t<rs-slide style=\"position: absolute;\" data-key=\"rs-32\" data-title=\"Slide\" data-anim=\"adpr:false;\" data-in=\"o:0;\" data-out=\"a:false;\">\n\t\t\t\t\t\t\t<img decoding=\"async\" src=\"\/\/congreso2021.feyalegria.org\/wp-content\/plugins\/revslider\/sr6\/assets\/assets\/dummy.png\" alt=\"\" title=\"cabezal-covid\" width=\"1280\" height=\"480\" class=\"rev-slidebg tp-rs-img rs-lazyload\" data-lazyload=\"\/\/congresos.feyalegria.org\/wp-content\/uploads\/2021\/10\/cabezal-covid.jpg\" data-bg=\"p:center bottom;\" data-no-retina>\n<!--\n\t\t\t\t\t\t\t--><rs-layer\n\t\t\t\t\t\t\t\tid=\"slider-21-slide-32-layer-0\" \n\t\t\t\t\t\t\t\tdata-type=\"text\"\n\t\t\t\t\t\t\t\tdata-color=\"#aa0f16\"\n\t\t\t\t\t\t\t\tdata-rsp_ch=\"on\"\n\t\t\t\t\t\t\t\tdata-xy=\"x:580px;y:c;yo:-20px;\"\n\t\t\t\t\t\t\t\tdata-text=\"w:normal;s:38;l:37;ls:2;fw:700;a:center;\"\n\t\t\t\t\t\t\t\tdata-dim=\"w:438px;\"\n\t\t\t\t\t\t\t\tdata-frame_999=\"o:0;st:w;\"\n\t\t\t\t\t\t\t\tstyle=\"z-index:8;font-family:'Montserrat';\"\n\t\t\t\t\t\t\t> \n\t\t\t\t\t\t\t<\/rs-layer><!--\n-->\t\t\t\t\t<\/rs-slide>\n\t\t\t\t\t<\/rs-slides>\n\t\t\t\t<\/rs-module>\n\t\t\t\t<script>\n\t\t\t\t\tsetREVStartSize({c: 'rev_slider_21_1',rl:[1240,1024,778,480],el:[500],gw:[1450],gh:[500],type:'standard',justify:'',layout:'fullwidth',mh:\"0\"});if (window.RS_MODULES!==undefined && window.RS_MODULES.modules!==undefined && window.RS_MODULES.modules[\"revslider211\"]!==undefined) {window.RS_MODULES.modules[\"revslider211\"].once = false;window.revapi21 = undefined;if (window.RS_MODULES.checkMinimal!==undefined) window.RS_MODULES.checkMinimal()}\n\t\t\t\t<\/script>\n\t\t\t<\/rs-module-wrap>\n\t\t\t<!-- END REVOLUTION SLIDER -->\n[\/vc_column][\/vc_row][vc_row][vc_column][vc_row_inner css=\u00a0\u00bb.vc_custom_1618339795625{padding-top: 40px !important;}\u00a0\u00bb][vc_column_inner][vc_column_text]<\/p>\n<h1 style=\"text-align: left;\"><strong>COVID -19<\/strong><\/h1>\n<p>[\/vc_column_text][\/vc_column_inner][\/vc_row_inner][vc_column_text]<\/p>\n<p style=\"text-align: center;\">Chez Foi et Joie, nous promouvons des mesures pr\u00e9ventives contre le Covid-19, approuv\u00e9es par des experts internationaux de la sant\u00e9.<\/p>\n<p>[\/vc_column_text][\/vc_column][\/vc_row][vc_row full_width=\u00a0\u00bbstretch_row\u00a0\u00bb enable_parallax=\u00a0\u00bbtrue\u00a0\u00bb parallax_background=\u00a0\u00bb3924&Prime; css=\u00a0\u00bb.vc_custom_1634146246366{padding-top: 60px !important;padding-bottom: 60px !important;}\u00a0\u00bb][vc_column width=\u00a0\u00bb1\/3&Prime;][vc_column_text]<\/p>\n<h3 style=\"text-align: center;\">A l&rsquo;\u00e9cole<\/h3>\n<p>[\/vc_column_text]<div data-id=\"mpc_ihover-8569f4b6776a50d\" class=\"mpc-ihover-wrapper mpc-init \"><div class=\"mpc-ihover-item ih-item circle effect3  top_to_bottom\" data-effect=\"effect3\"><a  href=\"https:\/\/congresos.feyalegria.org\/wp-content\/uploads\/2021\/10\/Mensajes-y-acciones-importantes-para-la-prevencion-y-control-del-Covid-19-en-las-escuelas.pdf\" title=\"\" ><div class=\"img\"><div class=\"mpc-image-box\" style=\"background-image: url(https:\/\/congreso2021.feyalegria.org\/wp-content\/uploads\/2021\/10\/Covid-Escuelas4.jpg);\"><\/div><\/div><div class=\"info\"><div class=\"info-wrap\"><h3 class=\"mpc-ihover-title mpc-typography--default\">Pr\u00e9vention et contr\u00f4le \u00e0 l\u2019\u00e9cole<\/h3><div class=\"mpc-ihover-divider-wrap\"><div class=\"mpc-ihover-divider\"><\/div><\/div><div class=\"mpc-ihover-content mpc-typography--default\"><\/div><\/div><\/div><\/a><\/div><\/div>[\/vc_column][vc_column width=\u00a0\u00bb1\/3&Prime;][vc_column_text]<\/p>\n<h3 style=\"text-align: center;\">Au bureau<\/h3>\n<p>[\/vc_column_text]<div data-id=\"mpc_ihover-7469f4b6776a892\" class=\"mpc-ihover-wrapper mpc-init \"><div class=\"mpc-ihover-item ih-item circle effect3  top_to_bottom\" data-effect=\"effect3\"><a  href=\"https:\/\/congresos.feyalegria.org\/wp-content\/uploads\/2021\/10\/prepare-lugar-trabajo-covid-19.pdf\" title=\"\" ><div class=\"img\"><div class=\"mpc-image-box\" style=\"background-image: url(https:\/\/congreso2021.feyalegria.org\/wp-content\/uploads\/2021\/10\/Covid-trabajo3.jpg);\"><\/div><\/div><div class=\"info\"><div class=\"info-wrap\"><h3 class=\"mpc-ihover-title mpc-typography--default\">Pr\u00e9vention et contr\u00f4le dans les bureaux<\/h3><div class=\"mpc-ihover-divider-wrap\"><div class=\"mpc-ihover-divider\"><\/div><\/div><div class=\"mpc-ihover-content mpc-typography--default\"><\/div><\/div><\/div><\/a><\/div><\/div>[\/vc_column][vc_column width=\u00a0\u00bb1\/3&Prime;][vc_column_text]<\/p>\n<h3 style=\"text-align: center;\">Informations pr\u00e9ventives<\/h3>\n<p>[\/vc_column_text]<div data-id=\"mpc_ihover-2669f4b6776aab7\" class=\"mpc-ihover-wrapper mpc-init \"><div class=\"mpc-ihover-item ih-item circle effect3  top_to_bottom\" data-effect=\"effect3\"><a  href=\"https:\/\/congresos.feyalegria.org\/wp-content\/uploads\/2021\/10\/prepare-lugar-trabajo-covid-19.pdf\" title=\"\" ><div class=\"img\"><div class=\"mpc-image-box\" style=\"background-image: url(https:\/\/congreso2021.feyalegria.org\/wp-content\/uploads\/2021\/10\/Covid-informacion.jpg);\"><\/div><\/div><div class=\"info\"><div class=\"info-wrap\"><h3 class=\"mpc-ihover-title mpc-typography--default\">Informations pr\u00e9ventives<\/h3><div class=\"mpc-ihover-divider-wrap\"><div class=\"mpc-ihover-divider\"><\/div><\/div><div class=\"mpc-ihover-content mpc-typography--default\"><\/div><\/div><\/div><\/a><\/div><\/div>[\/vc_column][\/vc_row][vc_row full_width=\u00a0\u00bbstretch_row\u00a0\u00bb css=\u00a0\u00bb.vc_custom_1618343515386{padding-bottom: 20px !important;}\u00a0\u00bb][vc_column]<div style=\"background-color:;height: 30px\" class=\"nicdark_section  \"><\/div>[vc_column_text]&nbsp;<\/p>\n<h3 style=\"text-align: center; font-weight: normal;\">Face \u00e0 la pand\u00e9mie, Foi et Joie d\u00e9clare l&rsquo;\u00e9ducation en urgence.<\/h3>\n<p>&nbsp;<\/p>\n<h4 style=\"text-align: center; font-weight: normal;\"><strong>Consultez le document<\/strong><\/h4>\n<p>&nbsp;<br \/>\n[\/vc_column_text][vc_row_inner content_placement=\u00a0\u00bbtop\u00a0\u00bb][vc_column_inner width=\u00a0\u00bb1\/2&Prime; alignment=\u00a0\u00bbcenter\u00a0\u00bb][vc_btn title=\u00a0\u00bbEspa\u00f1ol\u00a0\u00bb style=\u00a0\u00bbcustom\u00a0\u00bb custom_background=\u00a0\u00bb#aa0f16&Prime; custom_text=\u00a0\u00bb#ffffff\u00a0\u00bb align=\u00a0\u00bbcenter\u00a0\u00bb link=\u00a0\u00bburl:https%3A%2F%2Fd3pugrm67vf9n7.cloudfront.net%2Fwp-content%2Fuploads%2F2021%2F10%2F12233649%2FEducaci%25C3%25B3n-en-Emergencia-Espa%25C3%25B1ol.pdf|target:_blank\u00a0\u00bb][\/vc_column_inner][vc_column_inner width=\u00a0\u00bb1\/2&Prime; alignment=\u00a0\u00bbcenter\u00a0\u00bb][vc_btn title=\u00a0\u00bbFranc\u00e9s\u00a0\u00bb style=\u00a0\u00bbcustom\u00a0\u00bb custom_background=\u00a0\u00bb#aa0f16&Prime; custom_text=\u00a0\u00bb#ffffff\u00a0\u00bb align=\u00a0\u00bbcenter\u00a0\u00bb link=\u00a0\u00bburl:https%3A%2F%2Fd3pugrm67vf9n7.cloudfront.net%2Fwp-content%2Fuploads%2F2021%2F10%2F13221715%2FEducaci%25C3%25B3nenEmergencia-Franc%25C3%25A9s.pdf|target:_blank\u00a0\u00bb][\/vc_column_inner][\/vc_row_inner][\/vc_column][\/vc_row][vc_row][vc_column][vc_column_text]<\/p>\n<p>[\/vc_column_text][\/vc_column][\/vc_row]<\/p>\n<\/div>","protected":false},"excerpt":{"rendered":"<p>[vc_row][vc_column][\/vc_column][\/vc_row][vc_row][vc_column][vc_row_inner css=\u00a0\u00bb.vc_custom_1618339795625{padding-top: 40px !important;}\u00a0\u00bb][vc_column_inner][vc_column_text] COVID -19 [\/vc_column_text][\/vc_column_inner][\/vc_row_inner][vc_column_text] Chez Foi et Joie, nous promouvons des mesures pr\u00e9ventives contre le Covid-19, approuv\u00e9es par des experts internationaux de la sant\u00e9. [\/vc_column_text][\/vc_column][\/vc_row][vc_row full_width=\u00a0\u00bbstretch_row\u00a0\u00bb enable_parallax=\u00a0\u00bbtrue\u00a0\u00bb parallax_background=\u00a0\u00bb3924&Prime; css=\u00a0\u00bb.vc_custom_1634146246366{padding-top: 60px !important;padding-bottom: 60px !important;}\u00a0\u00bb][vc_column width=\u00a0\u00bb1\/3&Prime;][vc_column_text] A l&rsquo;\u00e9cole [\/vc_column_text][\/vc_column][vc_column width=\u00a0\u00bb1\/3&Prime;][vc_column_text] Au bureau [\/vc_column_text][\/vc_column][vc_column width=\u00a0\u00bb1\/3&Prime;][vc_column_text] Informations pr\u00e9ventives [\/vc_column_text][\/vc_column][\/vc_row][vc_row full_width=\u00a0\u00bbstretch_row\u00a0\u00bb css=\u00a0\u00bb.vc_custom_1618343515386{padding-bottom: 20px !important;}\u00a0\u00bb][vc_column][vc_column_text]&nbsp; Face \u00e0 la<\/p>\n","protected":false},"author":1,"featured_media":0,"parent":0,"menu_order":0,"comment_status":"closed","ping_status":"closed","template":"","meta":{"footnotes":""},"class_list":["post-5350","page","type-page","status-publish","hentry"],"yoast_head":"<!-- This site is optimized with the Yoast SEO plugin v24.5 - https:\/\/yoast.com\/wordpress\/plugins\/seo\/ -->\n<title>COVID-19 - XLVIII Congreso de la Federaci\u00f3n Internacional de Fe y Alegr\u00eda<\/title>\n<meta name=\"robots\" content=\"index, follow, max-snippet:-1, max-image-preview:large, max-video-preview:-1\" \/>\n<link rel=\"canonical\" href=\"https:\/\/congreso2021.feyalegria.org\/fr\/covid-19\/\" \/>\n<meta property=\"og:locale\" content=\"fr_FR\" \/>\n<meta property=\"og:type\" content=\"article\" \/>\n<meta property=\"og:title\" content=\"COVID-19 - XLVIII Congreso de la Federaci\u00f3n Internacional de Fe y Alegr\u00eda\" \/>\n<meta property=\"og:description\" content=\"[vc_row][vc_column][\/vc_column][\/vc_row][vc_row][vc_column][vc_row_inner css=\u00a0\u00bb.vc_custom_1618339795625{padding-top: 40px !important;}\u00a0\u00bb][vc_column_inner][vc_column_text] COVID -19 [\/vc_column_text][\/vc_column_inner][\/vc_row_inner][vc_column_text] Chez Foi et Joie, nous promouvons des mesures pr\u00e9ventives contre le Covid-19, approuv\u00e9es par des experts internationaux de la sant\u00e9. [\/vc_column_text][\/vc_column][\/vc_row][vc_row full_width=\u00a0\u00bbstretch_row\u00a0\u00bb enable_parallax=\u00a0\u00bbtrue\u00a0\u00bb parallax_background=\u00a0\u00bb3924&Prime; css=\u00a0\u00bb.vc_custom_1634146246366{padding-top: 60px !important;padding-bottom: 60px !important;}\u00a0\u00bb][vc_column width=\u00a0\u00bb1\/3&Prime;][vc_column_text] A l&rsquo;\u00e9cole [\/vc_column_text][\/vc_column][vc_column width=\u00a0\u00bb1\/3&Prime;][vc_column_text] Au bureau [\/vc_column_text][\/vc_column][vc_column width=\u00a0\u00bb1\/3&Prime;][vc_column_text] Informations pr\u00e9ventives [\/vc_column_text][\/vc_column][\/vc_row][vc_row full_width=\u00a0\u00bbstretch_row\u00a0\u00bb css=\u00a0\u00bb.vc_custom_1618343515386{padding-bottom: 20px !important;}\u00a0\u00bb][vc_column][vc_column_text]&nbsp; Face \u00e0 la\" \/>\n<meta property=\"og:url\" content=\"https:\/\/congreso2021.feyalegria.org\/fr\/covid-19\/\" \/>\n<meta property=\"og:site_name\" content=\"XLVIII Congreso de la Federaci\u00f3n Internacional de Fe y Alegr\u00eda\" \/>\n<meta property=\"og:image\" content=\"https:\/\/congreso2021.feyalegria.org\/wp-content\/uploads\/2021\/10\/Lapiz-1.jpg\" \/>\n\t<meta property=\"og:image:width\" content=\"1200\" \/>\n\t<meta property=\"og:image:height\" content=\"630\" \/>\n\t<meta property=\"og:image:type\" content=\"image\/jpeg\" \/>\n<meta name=\"twitter:card\" content=\"summary_large_image\" \/>\n<meta name=\"twitter:image\" content=\"https:\/\/congreso2021.feyalegria.org\/wp-content\/uploads\/2021\/10\/Lapiz-1.jpg\" \/>\n<meta name=\"twitter:label1\" content=\"Dur\u00e9e de lecture estim\u00e9e\" \/>\n\t<meta name=\"twitter:data1\" content=\"1 minute\" \/>\n<script type=\"application\/ld+json\" class=\"yoast-schema-graph\">{\"@context\":\"https:\/\/schema.org\",\"@graph\":[{\"@type\":\"WebPage\",\"@id\":\"https:\/\/congreso2021.feyalegria.org\/fr\/covid-19\/\",\"url\":\"https:\/\/congreso2021.feyalegria.org\/fr\/covid-19\/\",\"name\":\"COVID-19 - XLVIII Congreso de la Federaci\u00f3n Internacional de Fe y Alegr\u00eda\",\"isPartOf\":{\"@id\":\"https:\/\/congreso2021.feyalegria.org\/fr\/#website\"},\"datePublished\":\"2021-12-08T14:03:45+00:00\",\"breadcrumb\":{\"@id\":\"https:\/\/congreso2021.feyalegria.org\/fr\/covid-19\/#breadcrumb\"},\"inLanguage\":\"fr-FR\",\"potentialAction\":[{\"@type\":\"ReadAction\",\"target\":[\"https:\/\/congreso2021.feyalegria.org\/fr\/covid-19\/\"]}]},{\"@type\":\"BreadcrumbList\",\"@id\":\"https:\/\/congreso2021.feyalegria.org\/fr\/covid-19\/#breadcrumb\",\"itemListElement\":[{\"@type\":\"ListItem\",\"position\":1,\"name\":\"Home\",\"item\":\"https:\/\/congreso2021.feyalegria.org\/fr\/\"},{\"@type\":\"ListItem\",\"position\":2,\"name\":\"COVID-19\"}]},{\"@type\":\"WebSite\",\"@id\":\"https:\/\/congreso2021.feyalegria.org\/fr\/#website\",\"url\":\"https:\/\/congreso2021.feyalegria.org\/fr\/\",\"name\":\"XLVIII Congreso de la Federaci\u00f3n Internacional de Fe y Alegr\u00eda\",\"description\":\"#SomosFeyAlegria, movimiento global. Educamos en las fronteras. 28 de septiembre - 1 de octubre.\",\"publisher\":{\"@id\":\"https:\/\/congreso2021.feyalegria.org\/fr\/#organization\"},\"potentialAction\":[{\"@type\":\"SearchAction\",\"target\":{\"@type\":\"EntryPoint\",\"urlTemplate\":\"https:\/\/congreso2021.feyalegria.org\/fr\/?s={search_term_string}\"},\"query-input\":{\"@type\":\"PropertyValueSpecification\",\"valueRequired\":true,\"valueName\":\"search_term_string\"}}],\"inLanguage\":\"fr-FR\"},{\"@type\":\"Organization\",\"@id\":\"https:\/\/congreso2021.feyalegria.org\/fr\/#organization\",\"name\":\"XLVIII Congreso de la Federaci\u00f3n Internacional de Fe y Alegr\u00eda\",\"url\":\"https:\/\/congreso2021.feyalegria.org\/fr\/\",\"logo\":{\"@type\":\"ImageObject\",\"inLanguage\":\"fr-FR\",\"@id\":\"https:\/\/congreso2021.feyalegria.org\/fr\/#\/schema\/logo\/image\/\",\"url\":\"https:\/\/congresos.feyalegria.org\/wp-content\/uploads\/2021\/10\/Lapiz-1.jpg\",\"contentUrl\":\"https:\/\/congresos.feyalegria.org\/wp-content\/uploads\/2021\/10\/Lapiz-1.jpg\",\"width\":1200,\"height\":630,\"caption\":\"XLVIII Congreso de la Federaci\u00f3n Internacional de Fe y Alegr\u00eda\"},\"image\":{\"@id\":\"https:\/\/congreso2021.feyalegria.org\/fr\/#\/schema\/logo\/image\/\"}}]}<\/script>\n<!-- \/ Yoast SEO plugin. -->","yoast_head_json":{"title":"COVID-19 - XLVIII Congreso de la Federaci\u00f3n Internacional de Fe y Alegr\u00eda","robots":{"index":"index","follow":"follow","max-snippet":"max-snippet:-1","max-image-preview":"max-image-preview:large","max-video-preview":"max-video-preview:-1"},"canonical":"https:\/\/congreso2021.feyalegria.org\/fr\/covid-19\/","og_locale":"fr_FR","og_type":"article","og_title":"COVID-19 - XLVIII Congreso de la Federaci\u00f3n Internacional de Fe y Alegr\u00eda","og_description":"[vc_row][vc_column][\/vc_column][\/vc_row][vc_row][vc_column][vc_row_inner css=\u00a0\u00bb.vc_custom_1618339795625{padding-top: 40px !important;}\u00a0\u00bb][vc_column_inner][vc_column_text] COVID -19 [\/vc_column_text][\/vc_column_inner][\/vc_row_inner][vc_column_text] Chez Foi et Joie, nous promouvons des mesures pr\u00e9ventives contre le Covid-19, approuv\u00e9es par des experts internationaux de la sant\u00e9. [\/vc_column_text][\/vc_column][\/vc_row][vc_row full_width=\u00a0\u00bbstretch_row\u00a0\u00bb enable_parallax=\u00a0\u00bbtrue\u00a0\u00bb parallax_background=\u00a0\u00bb3924&Prime; css=\u00a0\u00bb.vc_custom_1634146246366{padding-top: 60px !important;padding-bottom: 60px !important;}\u00a0\u00bb][vc_column width=\u00a0\u00bb1\/3&Prime;][vc_column_text] A l&rsquo;\u00e9cole [\/vc_column_text][\/vc_column][vc_column width=\u00a0\u00bb1\/3&Prime;][vc_column_text] Au bureau [\/vc_column_text][\/vc_column][vc_column width=\u00a0\u00bb1\/3&Prime;][vc_column_text] Informations pr\u00e9ventives [\/vc_column_text][\/vc_column][\/vc_row][vc_row full_width=\u00a0\u00bbstretch_row\u00a0\u00bb css=\u00a0\u00bb.vc_custom_1618343515386{padding-bottom: 20px !important;}\u00a0\u00bb][vc_column][vc_column_text]&nbsp; Face \u00e0 la","og_url":"https:\/\/congreso2021.feyalegria.org\/fr\/covid-19\/","og_site_name":"XLVIII Congreso de la Federaci\u00f3n Internacional de Fe y Alegr\u00eda","og_image":[{"width":1200,"height":630,"url":"https:\/\/congreso2021.feyalegria.org\/wp-content\/uploads\/2021\/10\/Lapiz-1.jpg","type":"image\/jpeg"}],"twitter_card":"summary_large_image","twitter_image":"https:\/\/congreso2021.feyalegria.org\/wp-content\/uploads\/2021\/10\/Lapiz-1.jpg","twitter_misc":{"Dur\u00e9e de lecture estim\u00e9e":"1 minute"},"schema":{"@context":"https:\/\/schema.org","@graph":[{"@type":"WebPage","@id":"https:\/\/congreso2021.feyalegria.org\/fr\/covid-19\/","url":"https:\/\/congreso2021.feyalegria.org\/fr\/covid-19\/","name":"COVID-19 - XLVIII Congreso de la Federaci\u00f3n Internacional de Fe y Alegr\u00eda","isPartOf":{"@id":"https:\/\/congreso2021.feyalegria.org\/fr\/#website"},"datePublished":"2021-12-08T14:03:45+00:00","breadcrumb":{"@id":"https:\/\/congreso2021.feyalegria.org\/fr\/covid-19\/#breadcrumb"},"inLanguage":"fr-FR","potentialAction":[{"@type":"ReadAction","target":["https:\/\/congreso2021.feyalegria.org\/fr\/covid-19\/"]}]},{"@type":"BreadcrumbList","@id":"https:\/\/congreso2021.feyalegria.org\/fr\/covid-19\/#breadcrumb","itemListElement":[{"@type":"ListItem","position":1,"name":"Home","item":"https:\/\/congreso2021.feyalegria.org\/fr\/"},{"@type":"ListItem","position":2,"name":"COVID-19"}]},{"@type":"WebSite","@id":"https:\/\/congreso2021.feyalegria.org\/fr\/#website","url":"https:\/\/congreso2021.feyalegria.org\/fr\/","name":"XLVIII Congreso de la Federaci\u00f3n Internacional de Fe y Alegr\u00eda","description":"#SomosFeyAlegria, movimiento global. Educamos en las fronteras. 28 de septiembre - 1 de octubre.","publisher":{"@id":"https:\/\/congreso2021.feyalegria.org\/fr\/#organization"},"potentialAction":[{"@type":"SearchAction","target":{"@type":"EntryPoint","urlTemplate":"https:\/\/congreso2021.feyalegria.org\/fr\/?s={search_term_string}"},"query-input":{"@type":"PropertyValueSpecification","valueRequired":true,"valueName":"search_term_string"}}],"inLanguage":"fr-FR"},{"@type":"Organization","@id":"https:\/\/congreso2021.feyalegria.org\/fr\/#organization","name":"XLVIII Congreso de la Federaci\u00f3n Internacional de Fe y Alegr\u00eda","url":"https:\/\/congreso2021.feyalegria.org\/fr\/","logo":{"@type":"ImageObject","inLanguage":"fr-FR","@id":"https:\/\/congreso2021.feyalegria.org\/fr\/#\/schema\/logo\/image\/","url":"https:\/\/congresos.feyalegria.org\/wp-content\/uploads\/2021\/10\/Lapiz-1.jpg","contentUrl":"https:\/\/congresos.feyalegria.org\/wp-content\/uploads\/2021\/10\/Lapiz-1.jpg","width":1200,"height":630,"caption":"XLVIII Congreso de la Federaci\u00f3n Internacional de Fe y Alegr\u00eda"},"image":{"@id":"https:\/\/congreso2021.feyalegria.org\/fr\/#\/schema\/logo\/image\/"}}]}},"_links":{"self":[{"href":"https:\/\/congreso2021.feyalegria.org\/fr\/wp-json\/wp\/v2\/pages\/5350","targetHints":{"allow":["GET"]}}],"collection":[{"href":"https:\/\/congreso2021.feyalegria.org\/fr\/wp-json\/wp\/v2\/pages"}],"about":[{"href":"https:\/\/congreso2021.feyalegria.org\/fr\/wp-json\/wp\/v2\/types\/page"}],"author":[{"embeddable":true,"href":"https:\/\/congreso2021.feyalegria.org\/fr\/wp-json\/wp\/v2\/users\/1"}],"replies":[{"embeddable":true,"href":"https:\/\/congreso2021.feyalegria.org\/fr\/wp-json\/wp\/v2\/comments?post=5350"}],"version-history":[{"count":2,"href":"https:\/\/congreso2021.feyalegria.org\/fr\/wp-json\/wp\/v2\/pages\/5350\/revisions"}],"predecessor-version":[{"id":5357,"href":"https:\/\/congreso2021.feyalegria.org\/fr\/wp-json\/wp\/v2\/pages\/5350\/revisions\/5357"}],"wp:attachment":[{"href":"https:\/\/congreso2021.feyalegria.org\/fr\/wp-json\/wp\/v2\/media?parent=5350"}],"curies":[{"name":"wp","href":"https:\/\/api.w.org\/{rel}","templated":true}]}}