{"id":4960,"date":"2021-10-28T00:51:53","date_gmt":"2021-10-28T05:51:53","guid":{"rendered":"https:\/\/congresos.feyalegria.org\/congreso\/initiatives-de-la-federation-internationale-de-fe-y-alegria\/"},"modified":"2021-10-28T00:56:30","modified_gmt":"2021-10-28T05:56:30","slug":"iniciativas-da-federacao-internacional-de-fe-y-alegria","status":"publish","type":"mec-events","link":"https:\/\/congreso2021.feyalegria.org\/pt-br\/congreso\/iniciativas-da-federacao-internacional-de-fe-y-alegria\/","title":{"rendered":"Iniciativas da Federa\u00e7\u00e3o Internacional de Fe y Alegr\u00eda"},"content":{"rendered":"<div class=\"wpb-content-wrapper\"><p>[vc_row][vc_column][vc_column_text]<\/p>\n<h5>Quem s\u00e3o, quais s\u00e3o suas apostas e possibilidades de colabora\u00e7\u00e3o dos(as) educadores\/as.<\/h5>\n<p>[\/vc_column_text][\/vc_column][\/vc_row][vc_row][vc_column width=&#8221;1\/2&#8243;]<a href=\"https:\/\/congresos.feyalegria.org\/congreso\/iniciativas-de-la-federacion-internacional-de-fe-y-alegria-genero\/\" title=\"Iniciativas de la Federaci\u00f3n Internacional de Fe y Alegr\u00eda \u2013 G\u00e9nero\"  data-id=\"mpc_button-4369f435e4af494\" class=\"mpc-button mpc-init mpc-transition mpc-typography--preset_6 mpc-display--block \" ><div class=\"mpc-button__content mpc-effect-type--none mpc-effect-side--none\"><span class=\"mpc-button__title mpc-transition\">G\u00eanero<\/span><\/div><div class=\"mpc-button__background mpc-transition mpc-effect-type--fade mpc-effect-side--in\"><\/div><\/a>[vc_empty_space height=&#8221;10px&#8221;]<a href=\"https:\/\/congresos.feyalegria.org\/congreso\/iniciativas-de-la-federacion-internacional-de-fe-y-alegria-ciudadania\/\" title=\"Iniciativas de la Federaci\u00f3n Internacional de Fe y Alegr\u00eda \u2013 Ciudadan\u00eda\"  data-id=\"mpc_button-869f435e4af4ff\" class=\"mpc-button mpc-init mpc-transition mpc-typography--preset_6 mpc-display--block \" ><div class=\"mpc-button__content mpc-effect-type--none mpc-effect-side--none\"><span class=\"mpc-button__title mpc-transition\">Cidadanias<\/span><\/div><div class=\"mpc-button__background mpc-transition mpc-effect-type--fade mpc-effect-side--in\"><\/div><\/a>[vc_empty_space height=&#8221;10px&#8221;]<a href=\"https:\/\/congresos.feyalegria.org\/congreso\/iniciativas-de-la-federacion-internacional-de-fe-y-alegria-formacion-para-el-trabajo\/\" title=\"Iniciativas de la Federaci\u00f3n Internacional de Fe y Alegr\u00eda \u2013 Formaci\u00f3n para el trabajo\"  data-id=\"mpc_button-4369f435e4af53c\" class=\"mpc-button mpc-init mpc-transition mpc-typography--preset_6 mpc-display--block \" ><div class=\"mpc-button__content mpc-effect-type--none mpc-effect-side--none\"><span class=\"mpc-button__title mpc-transition\">Forma\u00e7\u00e3o para o trabalho<\/span><\/div><div class=\"mpc-button__background mpc-transition mpc-effect-type--fade mpc-effect-side--in\"><\/div><\/a>[vc_empty_space height=&#8221;10px&#8221;]<a href=\"https:\/\/congresos.feyalegria.org\/congreso\/iniciativas-de-la-federacion-internacional-de-fe-y-alegria-calidad-educativa\/\" title=\"Iniciativas de la Federaci\u00f3n Internacional de Fe y Alegr\u00eda \u2013 Formaci\u00f3n para el trabajo\"  data-id=\"mpc_button-9269f435e4af570\" class=\"mpc-button mpc-init mpc-transition mpc-typography--preset_6 mpc-display--block \" ><div class=\"mpc-button__content mpc-effect-type--none mpc-effect-side--none\"><span class=\"mpc-button__title mpc-transition\">Qualidade e Inova\u00e7\u00e3o<\/span><\/div><div class=\"mpc-button__background mpc-transition mpc-effect-type--fade mpc-effect-side--in\"><\/div><\/a>[\/vc_column][vc_column width=&#8221;1\/2&#8243;]<a href=\"https:\/\/congresos.feyalegria.org\/congreso\/iniciativas-de-la-federacion-internacional-de-fe-y-alegria-educacion-inclusiva\/\" title=\"Iniciativas de la Federaci\u00f3n Internacional de Fe y Alegr\u00eda \u2013  Educaci\u00f3n Inclusiva\"  data-id=\"mpc_button-8669f435e4af5a4\" class=\"mpc-button mpc-init mpc-transition mpc-typography--preset_6 mpc-display--block \" ><div class=\"mpc-button__content mpc-effect-type--none mpc-effect-side--none\"><span class=\"mpc-button__title mpc-transition\">Inclus\u00e3o<\/span><\/div><div class=\"mpc-button__background mpc-transition mpc-effect-type--fade mpc-effect-side--in\"><\/div><\/a>[vc_empty_space height=&#8221;10px&#8221;]<a href=\"https:\/\/congresos.feyalegria.org\/congreso\/iniciativas-de-la-federacion-internacional-de-fe-y-alegria-juventudes\/\" title=\"Iniciativas de la Federaci\u00f3n Internacional de Fe y Alegr\u00eda \u2013 Juventudes\"  data-id=\"mpc_button-9069f435e4af5e3\" class=\"mpc-button mpc-init mpc-transition mpc-typography--preset_6 mpc-display--block \" ><div class=\"mpc-button__content mpc-effect-type--none mpc-effect-side--none\"><span class=\"mpc-button__title mpc-transition\">Juventudes<\/span><\/div><div class=\"mpc-button__background mpc-transition mpc-effect-type--fade mpc-effect-side--in\"><\/div><\/a>[vc_empty_space height=&#8221;10px&#8221;]<a href=\"https:\/\/congresos.feyalegria.org\/congreso\/iniciativas-de-la-federacion-internacional-de-fe-y-alegria-evaluacion-y-medicion-de-impacto\/\" title=\"Iniciativas de la Federaci\u00f3n Internacional de Fe y Alegr\u00eda \u2013 Evaluaci\u00f3n y Medici\u00f3n de Impacto\"  data-id=\"mpc_button-269f435e4af60f\" class=\"mpc-button mpc-init mpc-transition mpc-typography--preset_6 mpc-display--block \" ><div class=\"mpc-button__content mpc-effect-type--none mpc-effect-side--none\"><span class=\"mpc-button__title mpc-transition\">Avalia\u00e7\u00e3o de impacto<\/span><\/div><div class=\"mpc-button__background mpc-transition mpc-effect-type--fade mpc-effect-side--in\"><\/div><\/a>[\/vc_column][\/vc_row]<\/p>\n<\/div>","protected":false},"excerpt":{"rendered":"<p>[vc_row][vc_column][vc_column_text] Quem s\u00e3o, quais s\u00e3o suas apostas e possibilidades de colabora\u00e7\u00e3o dos(as) educadores\/as. [\/vc_column_text][\/vc_column][\/vc_row][vc_row][vc_column width=&#8221;1\/2&#8243;][vc_empty_space height=&#8221;10px&#8221;][vc_empty_space height=&#8221;10px&#8221;][vc_empty_space height=&#8221;10px&#8221;][\/vc_column][vc_column width=&#8221;1\/2&#8243;][vc_empty_space height=&#8221;10px&#8221;][vc_empty_space height=&#8221;10px&#8221;][\/vc_column][\/vc_row]<\/p>\n","protected":false},"author":1,"featured_media":4391,"comment_status":"closed","ping_status":"closed","template":"","tags":[],"mec_category":[85,86],"class_list":["post-4960","mec-events","type-mec-events","status-publish","has-post-thumbnail","hentry","mec_category-avaliacao-de-impacto","mec_category-novas-fronteiras-da-educacao"],"yoast_head":"<!-- This site is optimized with the Yoast SEO plugin v24.5 - https:\/\/yoast.com\/wordpress\/plugins\/seo\/ -->\n<title>Iniciativas da Federa\u00e7\u00e3o Internacional de Fe y Alegr\u00eda - XLVIII Congreso de la Federaci\u00f3n Internacional de Fe y Alegr\u00eda<\/title>\n<meta name=\"robots\" content=\"index, follow, max-snippet:-1, max-image-preview:large, max-video-preview:-1\" \/>\n<link rel=\"canonical\" href=\"https:\/\/congreso2021.feyalegria.org\/pt-br\/congreso\/iniciativas-da-federacao-internacional-de-fe-y-alegria\/\" \/>\n<meta property=\"og:locale\" content=\"pt_BR\" \/>\n<meta property=\"og:type\" content=\"article\" \/>\n<meta property=\"og:title\" content=\"Iniciativas da Federa\u00e7\u00e3o Internacional de Fe y Alegr\u00eda - XLVIII Congreso de la Federaci\u00f3n Internacional de Fe y Alegr\u00eda\" \/>\n<meta property=\"og:description\" content=\"[vc_row][vc_column][vc_column_text] Quem s\u00e3o, quais s\u00e3o suas apostas e possibilidades de colabora\u00e7\u00e3o dos(as) educadores\/as. [\/vc_column_text][\/vc_column][\/vc_row][vc_row][vc_column width=&#8221;1\/2&#8243;][vc_empty_space height=&#8221;10px&#8221;][vc_empty_space height=&#8221;10px&#8221;][vc_empty_space height=&#8221;10px&#8221;][\/vc_column][vc_column width=&#8221;1\/2&#8243;][vc_empty_space height=&#8221;10px&#8221;][vc_empty_space height=&#8221;10px&#8221;][\/vc_column][\/vc_row]\" \/>\n<meta property=\"og:url\" content=\"https:\/\/congreso2021.feyalegria.org\/pt-br\/congreso\/iniciativas-da-federacao-internacional-de-fe-y-alegria\/\" \/>\n<meta property=\"og:site_name\" content=\"XLVIII Congreso de la Federaci\u00f3n Internacional de Fe y Alegr\u00eda\" \/>\n<meta property=\"article:modified_time\" content=\"2021-10-28T05:56:30+00:00\" \/>\n<meta property=\"og:image\" content=\"https:\/\/congreso2021.feyalegria.org\/wp-content\/uploads\/2021\/10\/Recurso_viernes.jpg\" \/>\n\t<meta property=\"og:image:width\" content=\"1281\" \/>\n\t<meta property=\"og:image:height\" content=\"481\" \/>\n\t<meta property=\"og:image:type\" content=\"image\/jpeg\" \/>\n<meta name=\"twitter:card\" content=\"summary_large_image\" \/>\n<meta name=\"twitter:label1\" content=\"Est. tempo de leitura\" \/>\n\t<meta name=\"twitter:data1\" content=\"1 minuto\" \/>\n<script type=\"application\/ld+json\" class=\"yoast-schema-graph\">{\"@context\":\"https:\/\/schema.org\",\"@graph\":[{\"@type\":\"WebPage\",\"@id\":\"https:\/\/congreso2021.feyalegria.org\/pt-br\/congreso\/iniciativas-da-federacao-internacional-de-fe-y-alegria\/\",\"url\":\"https:\/\/congreso2021.feyalegria.org\/pt-br\/congreso\/iniciativas-da-federacao-internacional-de-fe-y-alegria\/\",\"name\":\"Iniciativas da Federa\u00e7\u00e3o Internacional de Fe y Alegr\u00eda - XLVIII Congreso de la Federaci\u00f3n Internacional de Fe y Alegr\u00eda\",\"isPartOf\":{\"@id\":\"https:\/\/congreso2021.feyalegria.org\/pt-br\/#website\"},\"primaryImageOfPage\":{\"@id\":\"https:\/\/congreso2021.feyalegria.org\/pt-br\/congreso\/iniciativas-da-federacao-internacional-de-fe-y-alegria\/#primaryimage\"},\"image\":{\"@id\":\"https:\/\/congreso2021.feyalegria.org\/pt-br\/congreso\/iniciativas-da-federacao-internacional-de-fe-y-alegria\/#primaryimage\"},\"thumbnailUrl\":\"https:\/\/congreso2021.feyalegria.org\/wp-content\/uploads\/2021\/10\/Recurso_viernes.jpg\",\"datePublished\":\"2021-10-28T05:51:53+00:00\",\"dateModified\":\"2021-10-28T05:56:30+00:00\",\"breadcrumb\":{\"@id\":\"https:\/\/congreso2021.feyalegria.org\/pt-br\/congreso\/iniciativas-da-federacao-internacional-de-fe-y-alegria\/#breadcrumb\"},\"inLanguage\":\"pt-BR\",\"potentialAction\":[{\"@type\":\"ReadAction\",\"target\":[\"https:\/\/congreso2021.feyalegria.org\/pt-br\/congreso\/iniciativas-da-federacao-internacional-de-fe-y-alegria\/\"]}]},{\"@type\":\"ImageObject\",\"inLanguage\":\"pt-BR\",\"@id\":\"https:\/\/congreso2021.feyalegria.org\/pt-br\/congreso\/iniciativas-da-federacao-internacional-de-fe-y-alegria\/#primaryimage\",\"url\":\"https:\/\/congreso2021.feyalegria.org\/wp-content\/uploads\/2021\/10\/Recurso_viernes.jpg\",\"contentUrl\":\"https:\/\/congreso2021.feyalegria.org\/wp-content\/uploads\/2021\/10\/Recurso_viernes.jpg\",\"width\":1281,\"height\":481},{\"@type\":\"BreadcrumbList\",\"@id\":\"https:\/\/congreso2021.feyalegria.org\/pt-br\/congreso\/iniciativas-da-federacao-internacional-de-fe-y-alegria\/#breadcrumb\",\"itemListElement\":[{\"@type\":\"ListItem\",\"position\":1,\"name\":\"Home\",\"item\":\"https:\/\/congreso2021.feyalegria.org\/pt-br\/\"},{\"@type\":\"ListItem\",\"position\":2,\"name\":\"Events\",\"item\":\"https:\/\/congreso2021.feyalegria.org\/pt-br\/congreso\/\"},{\"@type\":\"ListItem\",\"position\":3,\"name\":\"Iniciativas da Federa\u00e7\u00e3o Internacional de Fe y Alegr\u00eda\"}]},{\"@type\":\"WebSite\",\"@id\":\"https:\/\/congreso2021.feyalegria.org\/pt-br\/#website\",\"url\":\"https:\/\/congreso2021.feyalegria.org\/pt-br\/\",\"name\":\"XLVIII Congreso de la Federaci\u00f3n Internacional de Fe y Alegr\u00eda\",\"description\":\"#SomosFeyAlegria, movimiento global. Educamos en las fronteras. 28 de septiembre - 1 de octubre.\",\"publisher\":{\"@id\":\"https:\/\/congreso2021.feyalegria.org\/pt-br\/#organization\"},\"potentialAction\":[{\"@type\":\"SearchAction\",\"target\":{\"@type\":\"EntryPoint\",\"urlTemplate\":\"https:\/\/congreso2021.feyalegria.org\/pt-br\/?s={search_term_string}\"},\"query-input\":{\"@type\":\"PropertyValueSpecification\",\"valueRequired\":true,\"valueName\":\"search_term_string\"}}],\"inLanguage\":\"pt-BR\"},{\"@type\":\"Organization\",\"@id\":\"https:\/\/congreso2021.feyalegria.org\/pt-br\/#organization\",\"name\":\"XLVIII Congreso de la Federaci\u00f3n Internacional de Fe y Alegr\u00eda\",\"url\":\"https:\/\/congreso2021.feyalegria.org\/pt-br\/\",\"logo\":{\"@type\":\"ImageObject\",\"inLanguage\":\"pt-BR\",\"@id\":\"https:\/\/congreso2021.feyalegria.org\/pt-br\/#\/schema\/logo\/image\/\",\"url\":\"https:\/\/congresos.feyalegria.org\/wp-content\/uploads\/2021\/10\/Lapiz-1.jpg\",\"contentUrl\":\"https:\/\/congresos.feyalegria.org\/wp-content\/uploads\/2021\/10\/Lapiz-1.jpg\",\"width\":1200,\"height\":630,\"caption\":\"XLVIII Congreso de la Federaci\u00f3n Internacional de Fe y Alegr\u00eda\"},\"image\":{\"@id\":\"https:\/\/congreso2021.feyalegria.org\/pt-br\/#\/schema\/logo\/image\/\"}}]}<\/script>\n<!-- \/ Yoast SEO plugin. -->","yoast_head_json":{"title":"Iniciativas da Federa\u00e7\u00e3o Internacional de Fe y Alegr\u00eda - XLVIII Congreso de la Federaci\u00f3n Internacional de Fe y Alegr\u00eda","robots":{"index":"index","follow":"follow","max-snippet":"max-snippet:-1","max-image-preview":"max-image-preview:large","max-video-preview":"max-video-preview:-1"},"canonical":"https:\/\/congreso2021.feyalegria.org\/pt-br\/congreso\/iniciativas-da-federacao-internacional-de-fe-y-alegria\/","og_locale":"pt_BR","og_type":"article","og_title":"Iniciativas da Federa\u00e7\u00e3o Internacional de Fe y Alegr\u00eda - XLVIII Congreso de la Federaci\u00f3n Internacional de Fe y Alegr\u00eda","og_description":"[vc_row][vc_column][vc_column_text] Quem s\u00e3o, quais s\u00e3o suas apostas e possibilidades de colabora\u00e7\u00e3o dos(as) educadores\/as. [\/vc_column_text][\/vc_column][\/vc_row][vc_row][vc_column width=&#8221;1\/2&#8243;][vc_empty_space height=&#8221;10px&#8221;][vc_empty_space height=&#8221;10px&#8221;][vc_empty_space height=&#8221;10px&#8221;][\/vc_column][vc_column width=&#8221;1\/2&#8243;][vc_empty_space height=&#8221;10px&#8221;][vc_empty_space height=&#8221;10px&#8221;][\/vc_column][\/vc_row]","og_url":"https:\/\/congreso2021.feyalegria.org\/pt-br\/congreso\/iniciativas-da-federacao-internacional-de-fe-y-alegria\/","og_site_name":"XLVIII Congreso de la Federaci\u00f3n Internacional de Fe y Alegr\u00eda","article_modified_time":"2021-10-28T05:56:30+00:00","og_image":[{"width":1281,"height":481,"url":"https:\/\/congreso2021.feyalegria.org\/wp-content\/uploads\/2021\/10\/Recurso_viernes.jpg","type":"image\/jpeg"}],"twitter_card":"summary_large_image","twitter_misc":{"Est. tempo de leitura":"1 minuto"},"schema":{"@context":"https:\/\/schema.org","@graph":[{"@type":"WebPage","@id":"https:\/\/congreso2021.feyalegria.org\/pt-br\/congreso\/iniciativas-da-federacao-internacional-de-fe-y-alegria\/","url":"https:\/\/congreso2021.feyalegria.org\/pt-br\/congreso\/iniciativas-da-federacao-internacional-de-fe-y-alegria\/","name":"Iniciativas da Federa\u00e7\u00e3o Internacional de Fe y Alegr\u00eda - XLVIII Congreso de la Federaci\u00f3n Internacional de Fe y Alegr\u00eda","isPartOf":{"@id":"https:\/\/congreso2021.feyalegria.org\/pt-br\/#website"},"primaryImageOfPage":{"@id":"https:\/\/congreso2021.feyalegria.org\/pt-br\/congreso\/iniciativas-da-federacao-internacional-de-fe-y-alegria\/#primaryimage"},"image":{"@id":"https:\/\/congreso2021.feyalegria.org\/pt-br\/congreso\/iniciativas-da-federacao-internacional-de-fe-y-alegria\/#primaryimage"},"thumbnailUrl":"https:\/\/congreso2021.feyalegria.org\/wp-content\/uploads\/2021\/10\/Recurso_viernes.jpg","datePublished":"2021-10-28T05:51:53+00:00","dateModified":"2021-10-28T05:56:30+00:00","breadcrumb":{"@id":"https:\/\/congreso2021.feyalegria.org\/pt-br\/congreso\/iniciativas-da-federacao-internacional-de-fe-y-alegria\/#breadcrumb"},"inLanguage":"pt-BR","potentialAction":[{"@type":"ReadAction","target":["https:\/\/congreso2021.feyalegria.org\/pt-br\/congreso\/iniciativas-da-federacao-internacional-de-fe-y-alegria\/"]}]},{"@type":"ImageObject","inLanguage":"pt-BR","@id":"https:\/\/congreso2021.feyalegria.org\/pt-br\/congreso\/iniciativas-da-federacao-internacional-de-fe-y-alegria\/#primaryimage","url":"https:\/\/congreso2021.feyalegria.org\/wp-content\/uploads\/2021\/10\/Recurso_viernes.jpg","contentUrl":"https:\/\/congreso2021.feyalegria.org\/wp-content\/uploads\/2021\/10\/Recurso_viernes.jpg","width":1281,"height":481},{"@type":"BreadcrumbList","@id":"https:\/\/congreso2021.feyalegria.org\/pt-br\/congreso\/iniciativas-da-federacao-internacional-de-fe-y-alegria\/#breadcrumb","itemListElement":[{"@type":"ListItem","position":1,"name":"Home","item":"https:\/\/congreso2021.feyalegria.org\/pt-br\/"},{"@type":"ListItem","position":2,"name":"Events","item":"https:\/\/congreso2021.feyalegria.org\/pt-br\/congreso\/"},{"@type":"ListItem","position":3,"name":"Iniciativas da Federa\u00e7\u00e3o Internacional de Fe y Alegr\u00eda"}]},{"@type":"WebSite","@id":"https:\/\/congreso2021.feyalegria.org\/pt-br\/#website","url":"https:\/\/congreso2021.feyalegria.org\/pt-br\/","name":"XLVIII Congreso de la Federaci\u00f3n Internacional de Fe y Alegr\u00eda","description":"#SomosFeyAlegria, movimiento global. Educamos en las fronteras. 28 de septiembre - 1 de octubre.","publisher":{"@id":"https:\/\/congreso2021.feyalegria.org\/pt-br\/#organization"},"potentialAction":[{"@type":"SearchAction","target":{"@type":"EntryPoint","urlTemplate":"https:\/\/congreso2021.feyalegria.org\/pt-br\/?s={search_term_string}"},"query-input":{"@type":"PropertyValueSpecification","valueRequired":true,"valueName":"search_term_string"}}],"inLanguage":"pt-BR"},{"@type":"Organization","@id":"https:\/\/congreso2021.feyalegria.org\/pt-br\/#organization","name":"XLVIII Congreso de la Federaci\u00f3n Internacional de Fe y Alegr\u00eda","url":"https:\/\/congreso2021.feyalegria.org\/pt-br\/","logo":{"@type":"ImageObject","inLanguage":"pt-BR","@id":"https:\/\/congreso2021.feyalegria.org\/pt-br\/#\/schema\/logo\/image\/","url":"https:\/\/congresos.feyalegria.org\/wp-content\/uploads\/2021\/10\/Lapiz-1.jpg","contentUrl":"https:\/\/congresos.feyalegria.org\/wp-content\/uploads\/2021\/10\/Lapiz-1.jpg","width":1200,"height":630,"caption":"XLVIII Congreso de la Federaci\u00f3n Internacional de Fe y Alegr\u00eda"},"image":{"@id":"https:\/\/congreso2021.feyalegria.org\/pt-br\/#\/schema\/logo\/image\/"}}]}},"_links":{"self":[{"href":"https:\/\/congreso2021.feyalegria.org\/pt-br\/wp-json\/wp\/v2\/mec-events\/4960","targetHints":{"allow":["GET"]}}],"collection":[{"href":"https:\/\/congreso2021.feyalegria.org\/pt-br\/wp-json\/wp\/v2\/mec-events"}],"about":[{"href":"https:\/\/congreso2021.feyalegria.org\/pt-br\/wp-json\/wp\/v2\/types\/mec-events"}],"author":[{"embeddable":true,"href":"https:\/\/congreso2021.feyalegria.org\/pt-br\/wp-json\/wp\/v2\/users\/1"}],"replies":[{"embeddable":true,"href":"https:\/\/congreso2021.feyalegria.org\/pt-br\/wp-json\/wp\/v2\/comments?post=4960"}],"wp:featuredmedia":[{"embeddable":true,"href":"https:\/\/congreso2021.feyalegria.org\/pt-br\/wp-json\/wp\/v2\/media\/4391"}],"wp:attachment":[{"href":"https:\/\/congreso2021.feyalegria.org\/pt-br\/wp-json\/wp\/v2\/media?parent=4960"}],"wp:term":[{"taxonomy":"post_tag","embeddable":true,"href":"https:\/\/congreso2021.feyalegria.org\/pt-br\/wp-json\/wp\/v2\/tags?post=4960"},{"taxonomy":"mec_category","embeddable":true,"href":"https:\/\/congreso2021.feyalegria.org\/pt-br\/wp-json\/wp\/v2\/mec_category?post=4960"}],"curies":[{"name":"wp","href":"https:\/\/api.w.org\/{rel}","templated":true}]}}